{"id":4989,"date":"2024-05-13T10:18:34","date_gmt":"2024-05-13T08:18:34","guid":{"rendered":"http:\/\/test4.projekt4-domain.com\/on-cherche-une-place-en-creche\/"},"modified":"2024-05-14T19:39:05","modified_gmt":"2024-05-14T17:39:05","slug":"on-cherche-une-place-en-creche","status":"publish","type":"page","link":"https:\/\/friends-of-education.com\/fr\/on-cherche-une-place-en-creche\/","title":{"rendered":"On cherche une place en cr\u00e8che"},"content":{"rendered":"<p><div class=\"fusion-fullwidth fullwidth-box fusion-builder-row-1 fusion-flex-container fusion-parallax-none nonhundred-percent-fullwidth non-hundred-percent-height-scrolling fusion-no-small-visibility fusion-animated fusion-custom-z-index\" style=\"--link_hover_color: #ffffff;--awb-border-radius-top-left:0px;--awb-border-radius-top-right:0px;--awb-border-radius-bottom-right:0px;--awb-border-radius-bottom-left:0px;--awb-z-index:0;--awb-padding-top:70px;--awb-background-image:url(&quot;http:\/\/friends-of-education.com\/wp-content\/uploads\/2021\/03\/shutterstock_777644314-website.jpg&quot;);--awb-background-size:cover;--awb-flex-wrap:wrap;\" data-animationType=\"fadeInDown\" data-animationDuration=\"2.2\" data-animationOffset=\"top-into-view\" ><div class=\"fusion-builder-row fusion-row fusion-flex-align-items-flex-start fusion-flex-content-wrap\" style=\"max-width:1248px;margin-left: calc(-4% \/ 2 );margin-right: calc(-4% \/ 2 );\"><div class=\"fusion-layout-column fusion_builder_column fusion-builder-column-0 fusion_builder_column_1_1 1_1 fusion-flex-column fusion-flex-align-self-center fusion-animated\" style=\"--awb-padding-top:90px;--awb-padding-bottom:100px;--awb-bg-size:cover;--awb-width-large:100%;--awb-margin-top-large:0px;--awb-spacing-right-large:1.92%;--awb-margin-bottom-large:0px;--awb-spacing-left-large:1.92%;--awb-width-medium:100%;--awb-order-medium:0;--awb-spacing-right-medium:1.92%;--awb-spacing-left-medium:1.92%;--awb-width-small:100%;--awb-order-small:0;--awb-spacing-right-small:1.92%;--awb-spacing-left-small:1.92%;\" data-animationType=\"fadeInDown\" data-animationDuration=\"2.5\" data-animationOffset=\"top-into-view\"><div class=\"fusion-column-wrapper fusion-column-has-shadow fusion-flex-justify-content-flex-start fusion-content-layout-column\"><div class=\"fusion-text fusion-text-1 fusion-animated\" style=\"--awb-content-alignment:center;--awb-line-height:1.1;--awb-text-color:#ffffff;\" data-animationType=\"fadeInDown\" data-animationDuration=\"2.5\" data-animationOffset=\"top-into-view\"><h2 style=\"text-align: center; color: #ffffff; font-size: 60px; line-height: 1.16;\">Tu cherches une place en cr\u00e8che ?<\/h2>\n<h3 style=\"text-align: center; color: #ffffff; font-size: 28px; line-height: 1.3;\">Nous avons encore des places libres !<\/h3>\n<\/div><\/div><\/div><\/div><\/div><div class=\"fusion-fullwidth fullwidth-box fusion-builder-row-2 fusion-flex-container fusion-parallax-none nonhundred-percent-fullwidth non-hundred-percent-height-scrolling fusion-no-medium-visibility fusion-no-large-visibility fusion-animated fusion-custom-z-index\" style=\"--link_hover_color: #ffffff;--awb-border-radius-top-left:0px;--awb-border-radius-top-right:0px;--awb-border-radius-bottom-right:0px;--awb-border-radius-bottom-left:0px;--awb-z-index:0;--awb-padding-top:70px;--awb-background-image:url(&quot;http:\/\/friends-of-education.com\/wp-content\/uploads\/2021\/03\/shutterstock_777644314-website.jpg&quot;);--awb-background-size:cover;--awb-flex-wrap:wrap;\" data-animationType=\"fadeInDown\" data-animationDuration=\"2.2\" data-animationOffset=\"top-into-view\" ><div class=\"fusion-builder-row fusion-row fusion-flex-align-items-flex-start fusion-flex-content-wrap\" style=\"max-width:1248px;margin-left: calc(-4% \/ 2 );margin-right: calc(-4% \/ 2 );\"><div class=\"fusion-layout-column fusion_builder_column fusion-builder-column-1 fusion_builder_column_1_1 1_1 fusion-flex-column fusion-flex-align-self-center fusion-animated\" style=\"--awb-padding-top:50px;--awb-padding-bottom:50px;--awb-bg-size:cover;--awb-width-large:100%;--awb-margin-top-large:0px;--awb-spacing-right-large:1.92%;--awb-margin-bottom-large:0px;--awb-spacing-left-large:1.92%;--awb-width-medium:100%;--awb-order-medium:0;--awb-spacing-right-medium:1.92%;--awb-spacing-left-medium:1.92%;--awb-width-small:100%;--awb-order-small:0;--awb-spacing-right-small:1.92%;--awb-spacing-left-small:1.92%;\" data-animationType=\"fadeInDown\" data-animationDuration=\"2.5\" data-animationOffset=\"top-into-view\"><div class=\"fusion-column-wrapper fusion-column-has-shadow fusion-flex-justify-content-flex-start fusion-content-layout-column\"><div class=\"fusion-text fusion-text-2 fusion-animated\" style=\"--awb-content-alignment:center;--awb-line-height:1.1;--awb-text-color:#ffffff;\" data-animationType=\"fadeInDown\" data-animationDuration=\"2.5\" data-animationOffset=\"top-into-view\"><h2 style=\"text-align: center; color: #ffffff; font-size: 60px; line-height: 1.16;\">Tu cherches une place en cr\u00e8che ?<\/h2>\n<h3 style=\"text-align: center; color: #ffffff; font-size: 28px; line-height: 1.3;\">Nous avons encore des places libres !<\/h3>\n<\/div><\/div><\/div><\/div><\/div><div class=\"fusion-fullwidth fullwidth-box fusion-builder-row-3 fusion-flex-container nonhundred-percent-fullwidth non-hundred-percent-height-scrolling fusion-animated\" style=\"--awb-border-radius-top-left:0px;--awb-border-radius-top-right:0px;--awb-border-radius-bottom-right:0px;--awb-border-radius-bottom-left:0px;--awb-padding-top:40px;--awb-flex-wrap:wrap;\" data-animationType=\"fadeInDown\" data-animationDuration=\"2.5\" data-animationOffset=\"top-into-view\" ><div class=\"fusion-builder-row fusion-row fusion-flex-align-items-flex-start fusion-flex-justify-content-center fusion-flex-content-wrap\" style=\"max-width:1248px;margin-left: calc(-4% \/ 2 );margin-right: calc(-4% \/ 2 );\"><div class=\"fusion-layout-column fusion_builder_column fusion-builder-column-2 fusion_builder_column_1_1 1_1 fusion-flex-column\" style=\"--awb-padding-bottom:20px;--awb-bg-size:cover;--awb-width-large:100%;--awb-margin-top-large:0px;--awb-spacing-right-large:1.92%;--awb-margin-bottom-large:20px;--awb-spacing-left-large:1.92%;--awb-width-medium:100%;--awb-order-medium:0;--awb-spacing-right-medium:1.92%;--awb-spacing-left-medium:1.92%;--awb-width-small:100%;--awb-order-small:0;--awb-spacing-right-small:1.92%;--awb-spacing-left-small:1.92%;\"><div class=\"fusion-column-wrapper fusion-column-has-shadow fusion-flex-justify-content-flex-start fusion-content-layout-column\"><div class=\"fusion-text fusion-text-3\"><p style=\"text-align: center; font-size: 22px; color: #666666;\" data-fusion-font=\"true\"><span style=\"color: #e41612;\"><b style=\"font-size: 32px;\" data-fusion-font=\"true\">Places disponibles en cr\u00e8che \u00e0 Munich et Berlin<\/b><\/span><\/p>\n<h4 style=\"text-align: center;\">Demander une place maintenant<\/h4>\n<\/div><\/div><\/div><div class=\"fusion-layout-column fusion_builder_column fusion-builder-column-3 fusion_builder_column_1_1 1_1 fusion-flex-column fusion-flex-align-self-center\" style=\"--awb-bg-size:cover;--awb-width-large:100%;--awb-margin-top-large:0px;--awb-spacing-right-large:1.92%;--awb-margin-bottom-large:20px;--awb-spacing-left-large:1.92%;--awb-width-medium:100%;--awb-order-medium:0;--awb-spacing-right-medium:1.92%;--awb-spacing-left-medium:1.92%;--awb-width-small:100%;--awb-order-small:0;--awb-spacing-right-small:1.92%;--awb-spacing-left-small:1.92%;\"><div class=\"fusion-column-wrapper fusion-column-has-shadow fusion-flex-justify-content-center fusion-content-layout-column\"><div class=\"fusion-text fusion-text-4 fusion-animated\" style=\"--awb-font-size:18px;--awb-line-height:1.4;--awb-text-color:#1b3686;\" data-animationType=\"fadeInRight\" data-animationDuration=\"2.5\" data-animationOffset=\"top-into-view\"><p style=\"text-align: left;\">Tu cherches une place en maternelle \u00e0 Munich ou \u00e0 Berlin ? &#8211; Nous l&rsquo;avons ! Et pas dans n&rsquo;importe quelle cr\u00e8che, mais dans une cr\u00e8che sp\u00e9ciale. En effet, toutes nos garderies \u00e0 Munich et \u00e0 Berlin sont bilingues et suivent un concept qui encourage les enfants au mieux d\u00e8s leur plus jeune \u00e2ge. Dans les deux villes, nos sites sont r\u00e9partis dans plusieurs quartiers. Tu peux donc mettre ton enfant \u00e0 la garderie tout pr\u00e8s de ton lieu de travail ou de ton domicile &#8211; aupr\u00e8s de l&rsquo;\u00e9quipe de la garderie de ton choix. Tous nos sites ont quelque chose en commun : en plus de notre concept \u00e9ducatif bien pens\u00e9, toutes les \u00e9coles maternelles disposent d&rsquo;un \u00e9quipement innovant, de locaux lumineux, d&rsquo;un \u00e9tat moderne (au niveau de la construction et de la technique) et d&rsquo;un design exceptionnel, cr\u00e9\u00e9 avec amour par une \u00e9quipe d&rsquo;architectes d&rsquo;int\u00e9rieur. Les espaces verts publics et les aires de jeux sont aussi facilement accessibles de partout. Regarde les diff\u00e9rents sites et fais ta demande de place !<\/p>\n<\/div><\/div><\/div><\/div><\/div><div class=\"fusion-fullwidth fullwidth-box fusion-builder-row-4 fusion-flex-container nonhundred-percent-fullwidth non-hundred-percent-height-scrolling fusion-animated\" style=\"--awb-border-radius-top-left:0px;--awb-border-radius-top-right:0px;--awb-border-radius-bottom-right:0px;--awb-border-radius-bottom-left:0px;--awb-padding-top:40px;--awb-flex-wrap:wrap;\" data-animationType=\"fadeInDown\" data-animationDuration=\"2.5\" data-animationOffset=\"top-into-view\" ><div class=\"fusion-builder-row fusion-row fusion-flex-align-items-flex-start fusion-flex-justify-content-center fusion-flex-content-wrap\" style=\"max-width:1248px;margin-left: calc(-4% \/ 2 );margin-right: calc(-4% \/ 2 );\"><div class=\"fusion-layout-column fusion_builder_column fusion-builder-column-4 fusion_builder_column_1_2 1_2 fusion-flex-column fusion-flex-align-self-center\" style=\"--awb-bg-size:cover;--awb-width-large:50%;--awb-margin-top-large:0px;--awb-spacing-right-large:3.84%;--awb-margin-bottom-large:20px;--awb-spacing-left-large:3.84%;--awb-width-medium:50%;--awb-order-medium:0;--awb-spacing-right-medium:3.84%;--awb-spacing-left-medium:3.84%;--awb-width-small:100%;--awb-order-small:0;--awb-spacing-right-small:1.92%;--awb-spacing-left-small:1.92%;\"><div class=\"fusion-column-wrapper fusion-column-has-shadow fusion-flex-justify-content-center fusion-content-layout-column\"><div class=\"fusion-text fusion-text-5 fusion-animated\" style=\"--awb-font-size:18px;--awb-line-height:1.4;--awb-text-color:#1b3686;\" data-animationType=\"fadeInRight\" data-animationDuration=\"2.5\" data-animationOffset=\"top-into-view\"><p style=\"text-align: center; font-size: 22px; color: #666666;\" data-fusion-font=\"true\"><span style=\"color: #e41612;\"><b style=\"font-size: 32px;\" data-fusion-font=\"true\">Munich<\/b><\/span><\/p>\n<\/div><div class=\"fusion-text fusion-text-6 fusion-animated\" style=\"--awb-font-size:18px;--awb-line-height:1.4;--awb-text-color:#1b3686;\" data-animationType=\"fadeInRight\" data-animationDuration=\"2.5\" data-animationOffset=\"top-into-view\"><p style=\"text-align: center;\">\u00c0 Munich, nos garderies s&rsquo;appellent<strong> little kids education<\/strong>. Nous parlons allemand et anglais avec les enfants. Actuellement, il y a trois sites.<\/p>\n<\/div><div class=\"fusion-builder-row fusion-builder-row-inner fusion-row fusion-flex-align-items-flex-start fusion-flex-justify-content-center fusion-flex-content-wrap\" style=\"width:104% !important;max-width:104% !important;margin-left: calc(-4% \/ 2 );margin-right: calc(-4% \/ 2 );\"><div class=\"fusion-layout-column fusion_builder_column_inner fusion-builder-nested-column-0 fusion_builder_column_inner_1_1 1_1 fusion-flex-column\" style=\"--awb-bg-size:cover;--awb-width-large:100%;--awb-margin-top-large:15px;--awb-spacing-right-large:1.92%;--awb-margin-bottom-large:20px;--awb-spacing-left-large:1.92%;--awb-width-medium:100%;--awb-order-medium:0;--awb-spacing-right-medium:1.92%;--awb-spacing-left-medium:1.92%;--awb-width-small:100%;--awb-order-small:0;--awb-spacing-right-small:1.92%;--awb-spacing-left-small:1.92%;\"><div class=\"fusion-column-wrapper fusion-column-has-shadow fusion-flex-justify-content-flex-start fusion-content-layout-column\"><div style=\"text-align:center;\"><a class=\"fusion-button button-flat button-large button-default fusion-button-default button-1 fusion-button-span-no fusion-button-default-type fusion-animated\" data-animationType=\"fadeInDown\" data-animationDuration=\"2.4\" data-animationOffset=\"top-into-view\" target=\"_self\" href=\"http:\/\/friends-of-education.com\/fr\/demande-de-place-en-creche\/\"><span class=\"fusion-button-text awb-button__text awb-button__text--default\">Demande de place \u00e0 Munich<\/span><\/a><\/div><\/div><\/div><\/div><\/div><\/div><div class=\"fusion-layout-column fusion_builder_column fusion-builder-column-5 fusion_builder_column_1_2 1_2 fusion-flex-column fusion-flex-align-self-center\" style=\"--awb-bg-size:cover;--awb-width-large:50%;--awb-margin-top-large:0px;--awb-spacing-right-large:3.84%;--awb-margin-bottom-large:20px;--awb-spacing-left-large:3.84%;--awb-width-medium:50%;--awb-order-medium:0;--awb-spacing-right-medium:3.84%;--awb-spacing-left-medium:3.84%;--awb-width-small:100%;--awb-order-small:0;--awb-spacing-right-small:1.92%;--awb-spacing-left-small:1.92%;\"><div class=\"fusion-column-wrapper fusion-column-has-shadow fusion-flex-justify-content-center fusion-content-layout-column\"><div class=\"fusion-text fusion-text-7 fusion-animated\" style=\"--awb-font-size:18px;--awb-line-height:1.4;--awb-text-color:#1b3686;\" data-animationType=\"fadeInRight\" data-animationDuration=\"2.5\" data-animationOffset=\"top-into-view\"><p style=\"text-align: center; font-size: 22px; color: #666666;\" data-fusion-font=\"true\"><span style=\"color: #e41612;\"><b style=\"font-size: 32px;\" data-fusion-font=\"true\">Berlin<\/b><\/span><\/p>\n<\/div><div class=\"fusion-text fusion-text-8 fusion-animated\" style=\"--awb-font-size:18px;--awb-line-height:1.4;--awb-text-color:#1b3686;\" data-animationType=\"fadeInRight\" data-animationDuration=\"2.5\" data-animationOffset=\"top-into-view\"><p style=\"text-align: center;\">\u00c0 Berlin, nous g\u00e9rons actuellement deux jardins d&rsquo;enfants sous le nom de<strong> Papillon<\/strong>. Nous y parlons allemand et fran\u00e7ais avec les enfants.<\/p>\n<\/div><div class=\"fusion-builder-row fusion-builder-row-inner fusion-row fusion-flex-align-items-flex-start fusion-flex-justify-content-center fusion-flex-content-wrap\" style=\"width:104% !important;max-width:104% !important;margin-left: calc(-4% \/ 2 );margin-right: calc(-4% \/ 2 );\"><div class=\"fusion-layout-column fusion_builder_column_inner fusion-builder-nested-column-1 fusion_builder_column_inner_1_1 1_1 fusion-flex-column\" style=\"--awb-bg-size:cover;--awb-width-large:100%;--awb-margin-top-large:15px;--awb-spacing-right-large:1.92%;--awb-margin-bottom-large:20px;--awb-spacing-left-large:1.92%;--awb-width-medium:100%;--awb-order-medium:0;--awb-spacing-right-medium:1.92%;--awb-spacing-left-medium:1.92%;--awb-width-small:100%;--awb-order-small:0;--awb-spacing-right-small:1.92%;--awb-spacing-left-small:1.92%;\"><div class=\"fusion-column-wrapper fusion-column-has-shadow fusion-flex-justify-content-flex-start fusion-content-layout-column\"><div style=\"text-align:center;\"><a class=\"fusion-button button-flat button-large button-default fusion-button-default button-2 fusion-button-span-no fusion-button-default-type fusion-animated\" data-animationType=\"fadeInDown\" data-animationDuration=\"2.4\" data-animationOffset=\"top-into-view\" target=\"_self\" href=\"http:\/\/friends-of-education.com\/fr\/demande-de-place-en-creche\/\"><span class=\"fusion-button-text awb-button__text awb-button__text--default\">Demande de place \u00e0 Berlin<\/span><\/a><\/div><\/div><\/div><\/div><\/div><\/div><\/div><\/div><div class=\"fusion-fullwidth fullwidth-box fusion-builder-row-5 fusion-flex-container nonhundred-percent-fullwidth non-hundred-percent-height-scrolling\" style=\"--awb-border-radius-top-left:0px;--awb-border-radius-top-right:0px;--awb-border-radius-bottom-right:0px;--awb-border-radius-bottom-left:0px;--awb-background-color:#1b3686;--awb-flex-wrap:wrap;\" ><div class=\"fusion-builder-row fusion-row fusion-flex-align-items-flex-start fusion-flex-content-wrap\" style=\"max-width:1248px;margin-left: calc(-4% \/ 2 );margin-right: calc(-4% \/ 2 );\"><div class=\"fusion-layout-column fusion_builder_column fusion-builder-column-6 fusion_builder_column_1_1 1_1 fusion-flex-column\" style=\"--awb-bg-size:cover;--awb-width-large:100%;--awb-margin-top-large:0px;--awb-spacing-right-large:1.92%;--awb-margin-bottom-large:20px;--awb-spacing-left-large:1.92%;--awb-width-medium:100%;--awb-order-medium:0;--awb-spacing-right-medium:1.92%;--awb-spacing-left-medium:1.92%;--awb-width-small:100%;--awb-order-small:0;--awb-spacing-right-small:1.92%;--awb-spacing-left-small:1.92%;\"><div class=\"fusion-column-wrapper fusion-column-has-shadow fusion-flex-justify-content-flex-start fusion-content-layout-column\"><div class=\"fusion-separator fusion-full-width-sep\" style=\"align-self: center;margin-left: auto;margin-right: auto;margin-top:40px;width:100%;\"><\/div><\/div><\/div><div class=\"fusion-layout-column fusion_builder_column fusion-builder-column-7 fusion_builder_column_1_2 1_2 fusion-flex-column\" style=\"--awb-bg-size:cover;--awb-width-large:50%;--awb-margin-top-large:0px;--awb-spacing-right-large:3.84%;--awb-margin-bottom-large:20px;--awb-spacing-left-large:3.84%;--awb-width-medium:50%;--awb-order-medium:0;--awb-spacing-right-medium:3.84%;--awb-spacing-left-medium:3.84%;--awb-width-small:100%;--awb-order-small:0;--awb-spacing-right-small:1.92%;--awb-spacing-left-small:1.92%;\"><div class=\"fusion-column-wrapper fusion-column-has-shadow fusion-flex-justify-content-flex-start fusion-content-layout-column\"><div class=\"fusion-image-element \" style=\"text-align:center;--awb-caption-title-font-family:var(--h2_typography-font-family);--awb-caption-title-font-weight:var(--h2_typography-font-weight);--awb-caption-title-font-style:var(--h2_typography-font-style);--awb-caption-title-size:var(--h2_typography-font-size);--awb-caption-title-transform:var(--h2_typography-text-transform);--awb-caption-title-line-height:var(--h2_typography-line-height);--awb-caption-title-letter-spacing:var(--h2_typography-letter-spacing);\"><span class=\" fusion-imageframe imageframe-none imageframe-1 hover-type-none\"><img decoding=\"async\" width=\"500\" height=\"334\" alt=\"Kindergarten Platz Kita M\u00fcnchen Kita Berlin\" src=\"http:\/\/friends-of-education.com\/wp-content\/uploads\/2021\/08\/kita-platz-gesucht-foe.jpg\" class=\"img-responsive wp-image-1128\" srcset=\"https:\/\/friends-of-education.com\/wp-content\/uploads\/sites\/4\/2021\/08\/kita-platz-gesucht-foe-200x134.jpg 200w, https:\/\/friends-of-education.com\/wp-content\/uploads\/sites\/4\/2021\/08\/kita-platz-gesucht-foe-400x267.jpg 400w, https:\/\/friends-of-education.com\/wp-content\/uploads\/sites\/4\/2021\/08\/kita-platz-gesucht-foe.jpg 500w\" sizes=\"(max-width: 640px) 100vw, 500px\" \/><\/span><\/div><\/div><\/div><div class=\"fusion-layout-column fusion_builder_column fusion-builder-column-8 fusion_builder_column_1_2 1_2 fusion-flex-column\" style=\"--awb-bg-size:cover;--awb-width-large:50%;--awb-margin-top-large:0px;--awb-spacing-right-large:3.84%;--awb-margin-bottom-large:20px;--awb-spacing-left-large:3.84%;--awb-width-medium:50%;--awb-order-medium:0;--awb-spacing-right-medium:3.84%;--awb-spacing-left-medium:3.84%;--awb-width-small:100%;--awb-order-small:0;--awb-spacing-right-small:1.92%;--awb-spacing-left-small:1.92%;\"><div class=\"fusion-column-wrapper fusion-column-has-shadow fusion-flex-justify-content-flex-start fusion-content-layout-column\"><div class=\"fusion-separator fusion-full-width-sep\" style=\"align-self: center;margin-left: auto;margin-right: auto;margin-bottom:55px;width:100%;\"><\/div><div class=\"fusion-text fusion-text-9 fusion-animated\" style=\"--awb-font-size:24px;--awb-line-height:1.4;--awb-text-color:#ffffff;\" data-animationType=\"fadeInRight\" data-animationDuration=\"2.5\" data-animationOffset=\"top-into-view\"><ul>\n<li>Yummy Food<\/li>\n<li>Equipement moderne<\/li>\n<li>Des horaires d&rsquo;ouverture attrayants<\/li>\n<li>Max. 12 enfants par groupe<\/li>\n<li>Libert\u00e9 de choix : des sites dans plusieurs quartiers<\/li>\n<\/ul>\n<\/div><\/div><\/div><div class=\"fusion-layout-column fusion_builder_column fusion-builder-column-9 fusion_builder_column_1_1 1_1 fusion-flex-column\" style=\"--awb-bg-size:cover;--awb-width-large:100%;--awb-margin-top-large:0px;--awb-spacing-right-large:1.92%;--awb-margin-bottom-large:20px;--awb-spacing-left-large:1.92%;--awb-width-medium:100%;--awb-order-medium:0;--awb-spacing-right-medium:1.92%;--awb-spacing-left-medium:1.92%;--awb-width-small:100%;--awb-order-small:0;--awb-spacing-right-small:1.92%;--awb-spacing-left-small:1.92%;\"><div class=\"fusion-column-wrapper fusion-column-has-shadow fusion-flex-justify-content-flex-start fusion-content-layout-column\"><div class=\"fusion-separator fusion-full-width-sep\" style=\"align-self: center;margin-left: auto;margin-right: auto;margin-top:40px;margin-bottom:30px;width:100%;\"><\/div><\/div><\/div><\/div><\/div><div class=\"fusion-fullwidth fullwidth-box fusion-builder-row-6 fusion-flex-container nonhundred-percent-fullwidth non-hundred-percent-height-scrolling\" style=\"--awb-border-radius-top-left:0px;--awb-border-radius-top-right:0px;--awb-border-radius-bottom-right:0px;--awb-border-radius-bottom-left:0px;--awb-padding-top:30px;--awb-margin-bottom:90px;--awb-flex-wrap:wrap;\" ><div class=\"fusion-builder-row fusion-row fusion-flex-align-items-flex-start fusion-flex-content-wrap\" style=\"max-width:1248px;margin-left: calc(-4% \/ 2 );margin-right: calc(-4% \/ 2 );\"><div class=\"fusion-layout-column fusion_builder_column fusion-builder-column-10 fusion_builder_column_1_1 1_1 fusion-flex-column\" style=\"--awb-bg-size:cover;--awb-width-large:100%;--awb-margin-top-large:0px;--awb-spacing-right-large:1.92%;--awb-margin-bottom-large:20px;--awb-spacing-left-large:1.92%;--awb-width-medium:100%;--awb-order-medium:0;--awb-spacing-right-medium:1.92%;--awb-spacing-left-medium:1.92%;--awb-width-small:100%;--awb-order-small:0;--awb-spacing-right-small:1.92%;--awb-spacing-left-small:1.92%;\"><div class=\"fusion-column-wrapper fusion-column-has-shadow fusion-flex-justify-content-flex-start fusion-content-layout-column\"><div class=\"fusion-text fusion-text-10 fusion-no-small-visibility\" style=\"--awb-line-height:1.3;\"><h2 class=\"fusion-responsive-typography-calculated\" style=\"text-align: center;\">Nos garderies bilingues encouragent les enfants de mani\u00e8re id\u00e9ale<\/h2>\n<h4 style=\"text-align: center;\"><strong>Une garde affectueuse &#8211; L&rsquo;\u00e9veil de la petite enfance &#8211; Une nourriture saine<\/strong><\/h4>\n<\/div><div class=\"fusion-text fusion-text-11 fusion-no-medium-visibility fusion-no-large-visibility\" style=\"--awb-line-height:1.3;\"><h2 style=\"text-align: center; font-size: 22px; line-height: 41.6px;\"><strong style=\"color: #e41612; font-size: 26px;\" data-fusion-font=\"true\"><span style=\"font-size: 32px;\" data-fusion-font=\"true\">Nos garderies bilingues <\/span><span style=\"font-size: 32px;\" data-fusion-font=\"true\">Encourage <\/span><span style=\"font-size: 32px;\" data-fusion-font=\"true\"> Les enfants id\u00e9alement<\/span><\/strong><\/h2>\n<h4 style=\"text-align: center;\"><strong>Soin affectueux &#8211; \u00c9veil de la petite enfance &#8211;<br \/>\nUne alimentation saine<\/strong><\/h4>\n<\/div><\/div><\/div><div class=\"fusion-layout-column fusion_builder_column fusion-builder-column-11 fusion_builder_column_1_5 1_5 fusion-flex-column\" style=\"--awb-padding-top:25px;--awb-padding-right:25px;--awb-padding-bottom:15px;--awb-padding-left:25px;--awb-bg-color:#1b3686;--awb-bg-color-hover:#1b3686;--awb-bg-size:cover;--awb-width-large:20%;--awb-margin-top-large:0px;--awb-spacing-right-large:9.6%;--awb-margin-bottom-large:10px;--awb-spacing-left-large:9.6%;--awb-width-medium:20%;--awb-order-medium:0;--awb-spacing-right-medium:9.6%;--awb-spacing-left-medium:9.6%;--awb-width-small:100%;--awb-order-small:0;--awb-spacing-right-small:1.92%;--awb-spacing-left-small:1.92%;\"><div class=\"fusion-column-wrapper fusion-column-has-shadow fusion-flex-justify-content-flex-start fusion-content-layout-column\"><i class=\"fb-icon-element-1 fb-icon-element fontawesome-icon icon-friends-set-iconbusinessman circle-no\" style=\"--awb-font-size:50px;--awb-margin-top:0;--awb-margin-right:0;--awb-margin-bottom:0;--awb-margin-left:0;--awb-align-self:center;\"><\/i><div class=\"fusion-text fusion-text-12\" style=\"--awb-content-alignment:center;--awb-font-size:14px;--awb-line-height:1.2;--awb-text-color:#ffffff;\"><h5 style=\"text-align: center; color: #ffffff; font-size: 15px;\">Priv\u00e9<br \/>\nPorteur<\/h5>\n<\/div><\/div><\/div><div class=\"fusion-layout-column fusion_builder_column fusion-builder-column-12 fusion_builder_column_1_5 1_5 fusion-flex-column\" style=\"--awb-padding-top:25px;--awb-padding-right:25px;--awb-padding-bottom:15px;--awb-padding-left:25px;--awb-bg-color:#1b3686;--awb-bg-color-hover:#1b3686;--awb-bg-size:cover;--awb-width-large:20%;--awb-margin-top-large:0px;--awb-spacing-right-large:9.6%;--awb-margin-bottom-large:10px;--awb-spacing-left-large:9.6%;--awb-width-medium:20%;--awb-order-medium:0;--awb-spacing-right-medium:9.6%;--awb-spacing-left-medium:9.6%;--awb-width-small:100%;--awb-order-small:0;--awb-spacing-right-small:1.92%;--awb-spacing-left-small:1.92%;\"><div class=\"fusion-column-wrapper fusion-column-has-shadow fusion-flex-justify-content-flex-start fusion-content-layout-column\"><i class=\"fb-icon-element-2 fb-icon-element fontawesome-icon icon-friends-set-iconruler circle-no\" style=\"--awb-font-size:50px;--awb-margin-top:0;--awb-margin-right:0;--awb-margin-bottom:0;--awb-margin-left:0;--awb-align-self:center;\"><\/i><div class=\"fusion-text fusion-text-13\" style=\"--awb-content-alignment:center;--awb-line-height:1.2;--awb-text-color:#ffffff;\"><h5 style=\"text-align: center; color: #ffffff; font-size: 15px;\">Equipement moderne<\/h5>\n<\/div><\/div><\/div><div class=\"fusion-layout-column fusion_builder_column fusion-builder-column-13 fusion_builder_column_1_5 1_5 fusion-flex-column\" style=\"--awb-padding-top:25px;--awb-padding-right:25px;--awb-padding-bottom:10px;--awb-padding-left:25px;--awb-bg-color:#1b3686;--awb-bg-color-hover:#1b3686;--awb-bg-size:cover;--awb-width-large:20%;--awb-margin-top-large:0px;--awb-spacing-right-large:9.6%;--awb-margin-bottom-large:10px;--awb-spacing-left-large:9.6%;--awb-width-medium:20%;--awb-order-medium:0;--awb-spacing-right-medium:9.6%;--awb-spacing-left-medium:9.6%;--awb-width-small:100%;--awb-order-small:0;--awb-spacing-right-small:1.92%;--awb-spacing-left-small:1.92%;\"><div class=\"fusion-column-wrapper fusion-column-has-shadow fusion-flex-justify-content-flex-start fusion-content-layout-column\"><i class=\"fb-icon-element-3 fb-icon-element fontawesome-icon icon-friends-set-iconbuilding circle-no\" style=\"--awb-font-size:55px;--awb-margin-top:0;--awb-margin-right:0;--awb-margin-bottom:0;--awb-margin-left:0;--awb-align-self:center;\"><\/i><div class=\"fusion-text fusion-text-14\" style=\"--awb-content-alignment:center;--awb-line-height:1.2;--awb-text-color:#ffffff;\"><h5 style=\"text-align: center; color: #ffffff; font-size: 15px;\">Lumineux<br \/>\nArchitecture<\/h5>\n<\/div><\/div><\/div><div class=\"fusion-layout-column fusion_builder_column fusion-builder-column-14 fusion_builder_column_1_5 1_5 fusion-flex-column\" style=\"--awb-padding-top:25px;--awb-padding-right:25px;--awb-padding-bottom:15px;--awb-padding-left:25px;--awb-bg-color:#1b3686;--awb-bg-color-hover:#1b3686;--awb-bg-size:cover;--awb-width-large:20%;--awb-margin-top-large:0px;--awb-spacing-right-large:9.6%;--awb-margin-bottom-large:10px;--awb-spacing-left-large:9.6%;--awb-width-medium:20%;--awb-order-medium:0;--awb-spacing-right-medium:9.6%;--awb-spacing-left-medium:9.6%;--awb-width-small:100%;--awb-order-small:0;--awb-spacing-right-small:1.92%;--awb-spacing-left-small:1.92%;\"><div class=\"fusion-column-wrapper fusion-column-has-shadow fusion-flex-justify-content-flex-start fusion-content-layout-column\"><i class=\"fb-icon-element-4 fb-icon-element fontawesome-icon icon-friends-set-icongroup-of-people circle-no\" style=\"--awb-font-size:50px;--awb-margin-top:0;--awb-margin-right:0;--awb-margin-bottom:0;--awb-margin-left:0;--awb-align-self:center;\"><\/i><div class=\"fusion-text fusion-text-15\" style=\"--awb-content-alignment:center;--awb-line-height:1.2;--awb-text-color:#ffffff;\"><h5 style=\"text-align: center; color: #ffffff; font-size: 15px;\">Petite<br \/>\nGroupes<\/h5>\n<\/div><\/div><\/div><div class=\"fusion-layout-column fusion_builder_column fusion-builder-column-15 fusion_builder_column_1_5 1_5 fusion-flex-column\" style=\"--awb-padding-top:25px;--awb-padding-right:25px;--awb-padding-bottom:15px;--awb-padding-left:25px;--awb-bg-color:#1b3686;--awb-bg-color-hover:#1b3686;--awb-bg-size:cover;--awb-width-large:20%;--awb-margin-top-large:0px;--awb-spacing-right-large:9.6%;--awb-margin-bottom-large:10px;--awb-spacing-left-large:9.6%;--awb-width-medium:20%;--awb-order-medium:0;--awb-spacing-right-medium:9.6%;--awb-spacing-left-medium:9.6%;--awb-width-small:100%;--awb-order-small:0;--awb-spacing-right-small:1.92%;--awb-spacing-left-small:1.92%;\"><div class=\"fusion-column-wrapper fusion-column-has-shadow fusion-flex-justify-content-flex-start fusion-content-layout-column\"><i class=\"fb-icon-element-5 fb-icon-element fontawesome-icon icon-friends-set-iconseesaw circle-no\" style=\"--awb-font-size:50px;--awb-margin-top:0;--awb-margin-right:0;--awb-margin-bottom:0;--awb-margin-left:0;--awb-align-self:center;\"><\/i><div class=\"fusion-text fusion-text-16\" style=\"--awb-content-alignment:center;--awb-line-height:1.2;--awb-text-color:#ffffff;\"><h5 style=\"text-align: center; color: #ffffff; font-size: 15px;\">Aires de jeux &amp; espaces verts<\/h5>\n<\/div><\/div><\/div><div class=\"fusion-layout-column fusion_builder_column fusion-builder-column-16 fusion_builder_column_1_1 1_1 fusion-flex-column\" style=\"--awb-bg-size:cover;--awb-width-large:100%;--awb-margin-top-large:0px;--awb-spacing-right-large:1.92%;--awb-margin-bottom-large:20px;--awb-spacing-left-large:1.92%;--awb-width-medium:100%;--awb-order-medium:0;--awb-spacing-right-medium:1.92%;--awb-spacing-left-medium:1.92%;--awb-width-small:100%;--awb-order-small:0;--awb-spacing-right-small:1.92%;--awb-spacing-left-small:1.92%;\"><div class=\"fusion-column-wrapper fusion-column-has-shadow fusion-flex-justify-content-flex-start fusion-content-layout-column\"><div class=\"fusion-separator fusion-full-width-sep\" style=\"align-self: center;margin-left: auto;margin-right: auto;margin-top:30px;width:100%;\"><\/div><div class=\"fusion-text fusion-text-17 fusion-animated\" style=\"--awb-font-size:18px;--awb-line-height:1.4;--awb-text-color:#1b3686;\" data-animationType=\"fadeInRight\" data-animationDuration=\"2.5\" data-animationOffset=\"top-into-view\"><p style=\"text-align: center;\">D\u00e9couvre nos cr\u00e8ches \u00e0 Berlin et \u00e0 Munich et choisis l&rsquo;endroit qui te convient le mieux. Nos \u00e9coles maternelles munichoises se trouvent \u00e0 Nymphenburg, \u00e0 Maxvorstadt et dans le quartier de Glockenbach. \u00c0 Berlin, nos cr\u00e8ches se trouvent dans les quartiers de Dahlem et Halensee. Nous nous r\u00e9jouissons de ta demande de place !<\/p>\n<\/div><\/div><\/div><\/div><\/div><div class=\"fusion-fullwidth fullwidth-box fusion-builder-row-7 fusion-flex-container nonhundred-percent-fullwidth non-hundred-percent-height-scrolling fusion-no-small-visibility fusion-animated\" style=\"--awb-border-radius-top-left:0px;--awb-border-radius-top-right:0px;--awb-border-radius-bottom-right:0px;--awb-border-radius-bottom-left:0px;--awb-padding-top:30px;--awb-margin-bottom:50px;--awb-flex-wrap:wrap;\" data-animationType=\"fadeInDown\" data-animationDuration=\"2.5\" data-animationOffset=\"top-into-view\" ><div class=\"fusion-builder-row fusion-row fusion-flex-align-items-flex-start fusion-flex-justify-content-space-between fusion-flex-content-wrap\" style=\"max-width:1248px;margin-left: calc(-4% \/ 2 );margin-right: calc(-4% \/ 2 );\"><div class=\"fusion-layout-column fusion_builder_column fusion-builder-column-17 fusion_builder_column_1_2 1_2 fusion-flex-column\" style=\"--awb-bg-size:cover;--awb-width-large:50%;--awb-margin-top-large:0px;--awb-spacing-right-large:0px;--awb-margin-bottom-large:20px;--awb-spacing-left-large:0px;--awb-width-medium:50%;--awb-order-medium:0;--awb-spacing-right-medium:0px;--awb-spacing-left-medium:0px;--awb-width-small:100%;--awb-order-small:0;--awb-spacing-right-small:1.92%;--awb-spacing-left-small:1.92%;\"><div class=\"fusion-column-wrapper fusion-column-has-shadow fusion-flex-justify-content-flex-start fusion-content-layout-column\"><div class=\"fusion-image-element \" style=\"text-align:center;--awb-margin-right:10px;--awb-caption-title-font-family:var(--h2_typography-font-family);--awb-caption-title-font-weight:var(--h2_typography-font-weight);--awb-caption-title-font-style:var(--h2_typography-font-style);--awb-caption-title-size:var(--h2_typography-font-size);--awb-caption-title-transform:var(--h2_typography-text-transform);--awb-caption-title-line-height:var(--h2_typography-line-height);--awb-caption-title-letter-spacing:var(--h2_typography-letter-spacing);\"><span class=\" fusion-imageframe imageframe-none imageframe-2 hover-type-none\"><img decoding=\"async\" width=\"900\" height=\"600\" title=\"friends_of_education_kita_jobs_muenchen_standort_fuerstenstrasse\" src=\"http:\/\/friends-of-education.com\/wp-content\/uploads\/2021\/02\/friends_of_education_kita_jobs_muenchen_standort_fuerstenstrasse.jpg\" alt class=\"img-responsive wp-image-233\" srcset=\"https:\/\/friends-of-education.com\/wp-content\/uploads\/sites\/4\/2021\/02\/friends_of_education_kita_jobs_muenchen_standort_fuerstenstrasse-200x133.jpg 200w, https:\/\/friends-of-education.com\/wp-content\/uploads\/sites\/4\/2021\/02\/friends_of_education_kita_jobs_muenchen_standort_fuerstenstrasse-400x267.jpg 400w, https:\/\/friends-of-education.com\/wp-content\/uploads\/sites\/4\/2021\/02\/friends_of_education_kita_jobs_muenchen_standort_fuerstenstrasse-600x400.jpg 600w, https:\/\/friends-of-education.com\/wp-content\/uploads\/sites\/4\/2021\/02\/friends_of_education_kita_jobs_muenchen_standort_fuerstenstrasse-800x533.jpg 800w, https:\/\/friends-of-education.com\/wp-content\/uploads\/sites\/4\/2021\/02\/friends_of_education_kita_jobs_muenchen_standort_fuerstenstrasse.jpg 900w\" sizes=\"(max-width: 640px) 100vw, 800px\" \/><\/span><\/div><\/div><\/div><div class=\"fusion-layout-column fusion_builder_column fusion-builder-column-18 fusion_builder_column_1_2 1_2 fusion-flex-column\" style=\"--awb-padding-left:30px;--awb-bg-size:cover;--awb-width-large:50%;--awb-margin-top-large:0px;--awb-spacing-right-large:30px;--awb-margin-bottom-large:20px;--awb-spacing-left-large:30px;--awb-width-medium:50%;--awb-order-medium:0;--awb-spacing-right-medium:30px;--awb-spacing-left-medium:30px;--awb-width-small:100%;--awb-order-small:0;--awb-spacing-right-small:1.92%;--awb-spacing-left-small:1.92%;\"><div class=\"fusion-column-wrapper fusion-column-has-shadow fusion-flex-justify-content-flex-start fusion-content-layout-column\"><div class=\"fusion-menu-anchor\" id=\"Fuerstenstrasse\"><\/div><div class=\"fusion-title title fusion-title-1 fusion-sep-none fusion-title-text fusion-title-size-three\" style=\"--awb-text-color:#e41612;\"><h3 class=\"fusion-title-heading title-heading-left\" style=\"margin:0;\"><div class=\"fusion-title title fusion-title-1 fusion-sep-none fusion-title-text fusion-title-size-three\">\n<p><b>Munich : Maxvorstadt<\/b><\/p>\n<p style=\"color: #1b3686; font-size: 22px; line-height: 1px; text-align: left;\"><strong>Rue des princes<\/strong><\/p>\n<\/div><\/h3><\/div><div class=\"fusion-separator fusion-full-width-sep\" style=\"align-self: center;margin-left: auto;margin-right: auto;margin-bottom:30px;width:100%;\"><\/div><div class=\"fusion-text fusion-text-18\" style=\"--awb-font-size:18px;--awb-line-height:1.5;\"><p>L&#8217;emplacement F\u00fcrstenstra\u00dfe est tr\u00e8s central tout en \u00e9tant calme dans une petite rue lat\u00e9rale. Les 110m2 sont modernes (chauffage au sol inclus) et am\u00e9nag\u00e9s. Le jardin financier et le jardin anglais sont facilement accessibles \u00e0 pied pour les enfants et les \u00e9ducateurs (m|w|d).<\/p>\n<p>Pour 10 enfants \u00e2g\u00e9s de 1 \u00e0 3 ans.<\/p>\n<\/div><div class=\"fusion-separator fusion-full-width-sep\" style=\"align-self: center;margin-left: auto;margin-right: auto;margin-bottom:30px;width:100%;\"><\/div><div style=\"text-align:left;\"><a class=\"fusion-button button-flat button-large button-default fusion-button-default button-3 fusion-button-span-no fusion-button-default-type fusion-animated\" data-animationType=\"fadeInDown\" data-animationDuration=\"2.5\" data-animationOffset=\"top-into-view\" target=\"_self\" href=\"http:\/\/friends-of-education.com\/demande-de-place\/\"><span class=\"fusion-button-text awb-button__text awb-button__text--default\">Demande de place <\/span><\/a><\/div><\/div><\/div><div class=\"fusion-layout-column fusion_builder_column fusion-builder-column-19 fusion_builder_column_1_1 1_1 fusion-flex-column\" style=\"--awb-bg-size:cover;--awb-width-large:100%;--awb-margin-top-large:0px;--awb-spacing-right-large:1.92%;--awb-margin-bottom-large:20px;--awb-spacing-left-large:1.92%;--awb-width-medium:100%;--awb-order-medium:0;--awb-spacing-right-medium:1.92%;--awb-spacing-left-medium:1.92%;--awb-width-small:100%;--awb-order-small:0;--awb-spacing-right-small:1.92%;--awb-spacing-left-small:1.92%;\"><div class=\"fusion-column-wrapper fusion-column-has-shadow fusion-flex-justify-content-flex-start fusion-content-layout-column\"><div class=\"fusion-separator fusion-full-width-sep\" style=\"align-self: center;margin-left: auto;margin-right: auto;margin-bottom:15px;width:100%;\"><\/div><\/div><\/div><\/div><\/div><div class=\"fusion-fullwidth fullwidth-box fusion-builder-row-8 fusion-flex-container nonhundred-percent-fullwidth non-hundred-percent-height-scrolling fusion-no-medium-visibility fusion-no-large-visibility fusion-animated\" style=\"--awb-border-radius-top-left:0px;--awb-border-radius-top-right:0px;--awb-border-radius-bottom-right:0px;--awb-border-radius-bottom-left:0px;--awb-padding-top:30px;--awb-margin-bottom:50px;--awb-flex-wrap:wrap;\" data-animationType=\"fadeInDown\" data-animationDuration=\"2.5\" data-animationOffset=\"top-into-view\" ><div class=\"fusion-builder-row fusion-row fusion-flex-align-items-flex-start fusion-flex-justify-content-space-between fusion-flex-content-wrap\" style=\"max-width:1248px;margin-left: calc(-4% \/ 2 );margin-right: calc(-4% \/ 2 );\"><div class=\"fusion-layout-column fusion_builder_column fusion-builder-column-20 fusion_builder_column_1_1 1_1 fusion-flex-column\" style=\"--awb-bg-size:cover;--awb-width-large:100%;--awb-margin-top-large:0px;--awb-spacing-right-large:0px;--awb-margin-bottom-large:20px;--awb-spacing-left-large:0px;--awb-width-medium:100%;--awb-order-medium:0;--awb-spacing-right-medium:0px;--awb-spacing-left-medium:0px;--awb-width-small:100%;--awb-order-small:0;--awb-spacing-right-small:1.92%;--awb-spacing-left-small:1.92%;\"><div class=\"fusion-column-wrapper fusion-column-has-shadow fusion-flex-justify-content-flex-start fusion-content-layout-column\"><div class=\"fusion-image-element \" style=\"text-align:center;--awb-margin-right:10px;--awb-caption-title-font-family:var(--h2_typography-font-family);--awb-caption-title-font-weight:var(--h2_typography-font-weight);--awb-caption-title-font-style:var(--h2_typography-font-style);--awb-caption-title-size:var(--h2_typography-font-size);--awb-caption-title-transform:var(--h2_typography-text-transform);--awb-caption-title-line-height:var(--h2_typography-line-height);--awb-caption-title-letter-spacing:var(--h2_typography-letter-spacing);\"><span class=\" fusion-imageframe imageframe-none imageframe-3 hover-type-none\"><img decoding=\"async\" width=\"900\" height=\"600\" title=\"friends_of_education_kita_jobs_muenchen_standort_fuerstenstrasse\" src=\"http:\/\/friends-of-education.com\/wp-content\/uploads\/2021\/02\/friends_of_education_kita_jobs_muenchen_standort_fuerstenstrasse.jpg\" alt class=\"img-responsive wp-image-233\" srcset=\"https:\/\/friends-of-education.com\/wp-content\/uploads\/sites\/4\/2021\/02\/friends_of_education_kita_jobs_muenchen_standort_fuerstenstrasse-200x133.jpg 200w, https:\/\/friends-of-education.com\/wp-content\/uploads\/sites\/4\/2021\/02\/friends_of_education_kita_jobs_muenchen_standort_fuerstenstrasse-400x267.jpg 400w, https:\/\/friends-of-education.com\/wp-content\/uploads\/sites\/4\/2021\/02\/friends_of_education_kita_jobs_muenchen_standort_fuerstenstrasse-600x400.jpg 600w, https:\/\/friends-of-education.com\/wp-content\/uploads\/sites\/4\/2021\/02\/friends_of_education_kita_jobs_muenchen_standort_fuerstenstrasse-800x533.jpg 800w, https:\/\/friends-of-education.com\/wp-content\/uploads\/sites\/4\/2021\/02\/friends_of_education_kita_jobs_muenchen_standort_fuerstenstrasse.jpg 900w\" sizes=\"(max-width: 640px) 100vw, 900px\" \/><\/span><\/div><\/div><\/div><div class=\"fusion-layout-column fusion_builder_column fusion-builder-column-21 fusion_builder_column_1_1 1_1 fusion-flex-column\" style=\"--awb-bg-size:cover;--awb-width-large:100%;--awb-margin-top-large:0px;--awb-spacing-right-large:1.92%;--awb-margin-bottom-large:20px;--awb-spacing-left-large:1.92%;--awb-width-medium:100%;--awb-order-medium:0;--awb-spacing-right-medium:1.92%;--awb-spacing-left-medium:1.92%;--awb-width-small:100%;--awb-order-small:0;--awb-spacing-right-small:1.92%;--awb-spacing-left-small:1.92%;\"><div class=\"fusion-column-wrapper fusion-column-has-shadow fusion-flex-justify-content-flex-start fusion-content-layout-column\"><div class=\"fusion-title title fusion-title-2 fusion-sep-none fusion-title-text fusion-title-size-three\" style=\"--awb-text-color:#e41612;\"><h3 class=\"fusion-title-heading title-heading-left\" style=\"margin:0;\"><p><b>Munich : Maxvorstadt<\/b><\/p>\n<p style=\"color: #1b3686; font-size: 22px; line-height: 1px; text-align: left;\"><strong>Rue des princes<\/strong><\/p><\/h3><\/div><div class=\"fusion-separator fusion-full-width-sep\" style=\"align-self: center;margin-left: auto;margin-right: auto;margin-bottom:30px;width:100%;\"><\/div><div class=\"fusion-text fusion-text-19\" style=\"--awb-font-size:18px;--awb-line-height:1.5;\"><p>L&#8217;emplacement F\u00fcrstenstra\u00dfe est tr\u00e8s central tout en \u00e9tant calme dans une petite rue lat\u00e9rale. Les 110m2 sont modernes (chauffage au sol inclus) et am\u00e9nag\u00e9s. Le jardin financier et le jardin anglais sont facilement accessibles \u00e0 pied pour les enfants et les \u00e9ducateurs (m|w|d).<\/p>\n<p>Pour 10 enfants \u00e2g\u00e9s de 1 \u00e0 3 ans.<\/p>\n<\/div><div class=\"fusion-separator fusion-full-width-sep\" style=\"align-self: center;margin-left: auto;margin-right: auto;margin-bottom:30px;width:100%;\"><\/div><div style=\"text-align:left;\"><a class=\"fusion-button button-flat button-large button-default fusion-button-default button-4 fusion-button-span-no fusion-button-default-type fusion-animated\" data-animationType=\"fadeInDown\" data-animationDuration=\"2.5\" data-animationOffset=\"top-into-view\" target=\"_self\" href=\"http:\/\/friends-of-education.com\/demande-de-place\/\"><span class=\"fusion-button-text awb-button__text awb-button__text--default\">Demande de place <\/span><\/a><\/div><\/div><\/div><\/div><\/div><div class=\"fusion-fullwidth fullwidth-box fusion-builder-row-9 fusion-flex-container nonhundred-percent-fullwidth non-hundred-percent-height-scrolling fusion-no-small-visibility fusion-animated\" style=\"--awb-border-radius-top-left:0px;--awb-border-radius-top-right:0px;--awb-border-radius-bottom-right:0px;--awb-border-radius-bottom-left:0px;--awb-padding-top:30px;--awb-flex-wrap:wrap;\" data-animationType=\"fadeInDown\" data-animationDuration=\"2.5\" data-animationOffset=\"top-into-view\" ><div class=\"fusion-builder-row fusion-row fusion-flex-align-items-flex-start fusion-flex-justify-content-space-between fusion-flex-content-wrap\" style=\"max-width:1248px;margin-left: calc(-4% \/ 2 );margin-right: calc(-4% \/ 2 );\"><div class=\"fusion-layout-column fusion_builder_column fusion-builder-column-22 fusion_builder_column_1_2 1_2 fusion-flex-column\" style=\"--awb-padding-right:20px;--awb-bg-size:cover;--awb-width-large:50%;--awb-margin-top-large:0px;--awb-spacing-right-large:30px;--awb-margin-bottom-large:20px;--awb-spacing-left-large:0px;--awb-width-medium:50%;--awb-order-medium:0;--awb-spacing-right-medium:30px;--awb-spacing-left-medium:0px;--awb-width-small:100%;--awb-order-small:0;--awb-spacing-right-small:1.92%;--awb-spacing-left-small:1.92%;\"><div class=\"fusion-column-wrapper fusion-column-has-shadow fusion-flex-justify-content-flex-start fusion-content-layout-column\"><div class=\"fusion-menu-anchor\" id=\"Nymphenburger\"><\/div><div class=\"fusion-title title fusion-title-3 fusion-sep-none fusion-title-text fusion-title-size-three\" style=\"--awb-text-color:#e41612;\"><h3 class=\"fusion-title-heading title-heading-left\" style=\"margin:0;\"><p><b>Munich Nymphenburg<\/b><\/p>\n<p style=\"color: #1b3686; font-size: 22px; line-height: 1px; text-align: left;\"><strong>Rue de Nymphenburg<\/strong><\/p><\/h3><\/div><div class=\"fusion-separator fusion-full-width-sep\" style=\"align-self: center;margin-left: auto;margin-right: auto;margin-bottom:30px;width:100%;\"><\/div><div class=\"fusion-text fusion-text-20\" style=\"--awb-font-size:18px;--awb-line-height:1.5;\"><p>Le site de la Nymphenburgerstra\u00dfe est situ\u00e9 dans une cour int\u00e9rieure. Malgr\u00e9 la proximit\u00e9 de la place de la Croix-Rouge, le site de 100m2 est tr\u00e8s calme. Juste devant la maison, il y a une grande pelouse qui convient tr\u00e8s bien comme terrain de jeu. Les enfants n&rsquo;ont pas besoin de se d\u00e9placer pour atteindre la pelouse.<\/p>\n<p>Pour 10 enfants \u00e2g\u00e9s de 1 \u00e0 3 ans.<\/p>\n<\/div><div class=\"fusion-separator fusion-full-width-sep\" style=\"align-self: center;margin-left: auto;margin-right: auto;margin-bottom:30px;width:100%;\"><\/div><div style=\"text-align:left;\"><a class=\"fusion-button button-flat button-large button-default fusion-button-default button-5 fusion-button-span-no fusion-button-default-type fusion-animated\" data-animationType=\"fadeInDown\" data-animationDuration=\"2.5\" data-animationOffset=\"top-into-view\" target=\"_self\" href=\"http:\/\/friends-of-education.com\/demande-de-place\/\"><span class=\"fusion-button-text awb-button__text awb-button__text--default\">Demande de place<\/span><\/a><\/div><\/div><\/div><div class=\"fusion-layout-column fusion_builder_column fusion-builder-column-23 fusion_builder_column_1_2 1_2 fusion-flex-column fusion-no-small-visibility\" style=\"--awb-bg-size:cover;--awb-width-large:50%;--awb-margin-top-large:0px;--awb-spacing-right-large:0px;--awb-margin-bottom-large:20px;--awb-spacing-left-large:0px;--awb-width-medium:50%;--awb-order-medium:0;--awb-spacing-right-medium:0px;--awb-spacing-left-medium:0px;--awb-width-small:100%;--awb-order-small:0;--awb-spacing-right-small:1.92%;--awb-spacing-left-small:1.92%;\"><div class=\"fusion-column-wrapper fusion-column-has-shadow fusion-flex-justify-content-flex-start fusion-content-layout-column\"><div class=\"fusion-image-element \" style=\"text-align:center;--awb-margin-left:10px;--awb-caption-title-font-family:var(--h2_typography-font-family);--awb-caption-title-font-weight:var(--h2_typography-font-weight);--awb-caption-title-font-style:var(--h2_typography-font-style);--awb-caption-title-size:var(--h2_typography-font-size);--awb-caption-title-transform:var(--h2_typography-text-transform);--awb-caption-title-line-height:var(--h2_typography-line-height);--awb-caption-title-letter-spacing:var(--h2_typography-letter-spacing);\"><span class=\" fusion-imageframe imageframe-none imageframe-4 hover-type-none\"><img decoding=\"async\" width=\"900\" height=\"600\" title=\"friends_of_education_kita_jobs_muenchen_standort_nymphenburgerstr\" src=\"http:\/\/friends-of-education.com\/wp-content\/uploads\/2021\/02\/friends_of_education_kita_jobs_muenchen_standort_nymphenburgerstr.jpg\" alt class=\"img-responsive wp-image-234\" srcset=\"https:\/\/friends-of-education.com\/wp-content\/uploads\/sites\/4\/2021\/02\/friends_of_education_kita_jobs_muenchen_standort_nymphenburgerstr-200x133.jpg 200w, https:\/\/friends-of-education.com\/wp-content\/uploads\/sites\/4\/2021\/02\/friends_of_education_kita_jobs_muenchen_standort_nymphenburgerstr-400x267.jpg 400w, https:\/\/friends-of-education.com\/wp-content\/uploads\/sites\/4\/2021\/02\/friends_of_education_kita_jobs_muenchen_standort_nymphenburgerstr-600x400.jpg 600w, https:\/\/friends-of-education.com\/wp-content\/uploads\/sites\/4\/2021\/02\/friends_of_education_kita_jobs_muenchen_standort_nymphenburgerstr-800x533.jpg 800w, https:\/\/friends-of-education.com\/wp-content\/uploads\/sites\/4\/2021\/02\/friends_of_education_kita_jobs_muenchen_standort_nymphenburgerstr.jpg 900w\" sizes=\"(max-width: 640px) 100vw, 800px\" \/><\/span><\/div><\/div><\/div><div class=\"fusion-layout-column fusion_builder_column fusion-builder-column-24 fusion_builder_column_1_1 1_1 fusion-flex-column\" style=\"--awb-bg-size:cover;--awb-width-large:100%;--awb-margin-top-large:0px;--awb-spacing-right-large:1.92%;--awb-margin-bottom-large:20px;--awb-spacing-left-large:1.92%;--awb-width-medium:100%;--awb-order-medium:0;--awb-spacing-right-medium:1.92%;--awb-spacing-left-medium:1.92%;--awb-width-small:100%;--awb-order-small:0;--awb-spacing-right-small:1.92%;--awb-spacing-left-small:1.92%;\"><div class=\"fusion-column-wrapper fusion-column-has-shadow fusion-flex-justify-content-flex-start fusion-content-layout-column\"><div class=\"fusion-separator fusion-full-width-sep\" style=\"align-self: center;margin-left: auto;margin-right: auto;margin-bottom:15px;width:100%;\"><\/div><\/div><\/div><\/div><\/div><div class=\"fusion-fullwidth fullwidth-box fusion-builder-row-10 fusion-flex-container nonhundred-percent-fullwidth non-hundred-percent-height-scrolling fusion-no-medium-visibility fusion-no-large-visibility fusion-animated\" style=\"--awb-border-radius-top-left:0px;--awb-border-radius-top-right:0px;--awb-border-radius-bottom-right:0px;--awb-border-radius-bottom-left:0px;--awb-padding-top:30px;--awb-margin-bottom:50px;--awb-flex-wrap:wrap;\" data-animationType=\"fadeInDown\" data-animationDuration=\"2.5\" data-animationOffset=\"top-into-view\" ><div class=\"fusion-builder-row fusion-row fusion-flex-align-items-flex-start fusion-flex-justify-content-space-between fusion-flex-content-wrap\" style=\"max-width:1248px;margin-left: calc(-4% \/ 2 );margin-right: calc(-4% \/ 2 );\"><div class=\"fusion-layout-column fusion_builder_column fusion-builder-column-25 fusion_builder_column_1_1 1_1 fusion-flex-column fusion-no-medium-visibility fusion-no-large-visibility\" style=\"--awb-bg-size:cover;--awb-width-large:100%;--awb-margin-top-large:0px;--awb-spacing-right-large:0px;--awb-margin-bottom-large:20px;--awb-spacing-left-large:0px;--awb-width-medium:100%;--awb-order-medium:0;--awb-spacing-right-medium:0px;--awb-spacing-left-medium:0px;--awb-width-small:100%;--awb-order-small:0;--awb-spacing-right-small:1.92%;--awb-spacing-left-small:1.92%;\"><div class=\"fusion-column-wrapper fusion-column-has-shadow fusion-flex-justify-content-flex-start fusion-content-layout-column\"><div class=\"fusion-image-element \" style=\"text-align:center;--awb-margin-left:10px;--awb-caption-title-font-family:var(--h2_typography-font-family);--awb-caption-title-font-weight:var(--h2_typography-font-weight);--awb-caption-title-font-style:var(--h2_typography-font-style);--awb-caption-title-size:var(--h2_typography-font-size);--awb-caption-title-transform:var(--h2_typography-text-transform);--awb-caption-title-line-height:var(--h2_typography-line-height);--awb-caption-title-letter-spacing:var(--h2_typography-letter-spacing);\"><span class=\" fusion-imageframe imageframe-none imageframe-5 hover-type-none\"><img decoding=\"async\" width=\"900\" height=\"600\" title=\"friends_of_education_kita_jobs_muenchen_standort_nymphenburgerstr\" src=\"http:\/\/friends-of-education.com\/wp-content\/uploads\/2021\/02\/friends_of_education_kita_jobs_muenchen_standort_nymphenburgerstr.jpg\" alt class=\"img-responsive wp-image-234\" srcset=\"https:\/\/friends-of-education.com\/wp-content\/uploads\/sites\/4\/2021\/02\/friends_of_education_kita_jobs_muenchen_standort_nymphenburgerstr-200x133.jpg 200w, https:\/\/friends-of-education.com\/wp-content\/uploads\/sites\/4\/2021\/02\/friends_of_education_kita_jobs_muenchen_standort_nymphenburgerstr-400x267.jpg 400w, https:\/\/friends-of-education.com\/wp-content\/uploads\/sites\/4\/2021\/02\/friends_of_education_kita_jobs_muenchen_standort_nymphenburgerstr-600x400.jpg 600w, https:\/\/friends-of-education.com\/wp-content\/uploads\/sites\/4\/2021\/02\/friends_of_education_kita_jobs_muenchen_standort_nymphenburgerstr-800x533.jpg 800w, https:\/\/friends-of-education.com\/wp-content\/uploads\/sites\/4\/2021\/02\/friends_of_education_kita_jobs_muenchen_standort_nymphenburgerstr.jpg 900w\" sizes=\"(max-width: 640px) 100vw, 900px\" \/><\/span><\/div><\/div><\/div><div class=\"fusion-layout-column fusion_builder_column fusion-builder-column-26 fusion_builder_column_1_1 1_1 fusion-flex-column\" style=\"--awb-bg-size:cover;--awb-width-large:100%;--awb-margin-top-large:0px;--awb-spacing-right-large:1.92%;--awb-margin-bottom-large:20px;--awb-spacing-left-large:1.92%;--awb-width-medium:100%;--awb-order-medium:0;--awb-spacing-right-medium:1.92%;--awb-spacing-left-medium:1.92%;--awb-width-small:100%;--awb-order-small:0;--awb-spacing-right-small:1.92%;--awb-spacing-left-small:1.92%;\"><div class=\"fusion-column-wrapper fusion-column-has-shadow fusion-flex-justify-content-flex-start fusion-content-layout-column\"><div class=\"fusion-title title fusion-title-4 fusion-sep-none fusion-title-text fusion-title-size-three\" style=\"--awb-text-color:#e41612;\"><h3 class=\"fusion-title-heading title-heading-left\" style=\"margin:0;\"><p><b>Munich Nymphenburg<\/b><\/p>\n<p style=\"color: #1b3686; font-size: 22px; line-height: 1px; text-align: left;\"><strong>Rue de Nymphenburg<\/strong><\/p><\/h3><\/div><div class=\"fusion-separator fusion-full-width-sep\" style=\"align-self: center;margin-left: auto;margin-right: auto;margin-bottom:30px;width:100%;\"><\/div><div class=\"fusion-text fusion-text-21\" style=\"--awb-font-size:18px;--awb-line-height:1.5;\"><p>Le site de la Nymphenburgerstra\u00dfe est situ\u00e9 dans une cour int\u00e9rieure. Malgr\u00e9 la proximit\u00e9 de la place de la Croix-Rouge, le site de 100m2 est tr\u00e8s calme. Juste devant la maison, il y a une grande pelouse qui convient tr\u00e8s bien comme terrain de jeu. Les enfants n&rsquo;ont pas besoin de se d\u00e9placer pour atteindre la pelouse.<\/p>\n<p>Pour 10 enfants \u00e2g\u00e9s de 1 \u00e0 3 ans.<\/p>\n<\/div><div class=\"fusion-separator fusion-full-width-sep\" style=\"align-self: center;margin-left: auto;margin-right: auto;margin-bottom:30px;width:100%;\"><\/div><div style=\"text-align:left;\"><a class=\"fusion-button button-flat button-large button-default fusion-button-default button-6 fusion-button-span-no fusion-button-default-type fusion-animated\" data-animationType=\"fadeInDown\" data-animationDuration=\"2.5\" data-animationOffset=\"top-into-view\" target=\"_self\" href=\"http:\/\/friends-of-education.com\/demande-de-place\/\"><span class=\"fusion-button-text awb-button__text awb-button__text--default\">Demande de place <\/span><\/a><\/div><\/div><\/div><\/div><\/div><div class=\"fusion-fullwidth fullwidth-box fusion-builder-row-11 fusion-flex-container nonhundred-percent-fullwidth non-hundred-percent-height-scrolling fusion-no-small-visibility fusion-animated\" style=\"--awb-border-radius-top-left:0px;--awb-border-radius-top-right:0px;--awb-border-radius-bottom-right:0px;--awb-border-radius-bottom-left:0px;--awb-flex-wrap:wrap;\" data-animationType=\"fadeInDown\" data-animationDuration=\"2.5\" data-animationOffset=\"top-into-view\" ><div class=\"fusion-builder-row fusion-row fusion-flex-align-items-flex-start fusion-flex-justify-content-space-between fusion-flex-content-wrap\" style=\"max-width:1248px;margin-left: calc(-4% \/ 2 );margin-right: calc(-4% \/ 2 );\"><div class=\"fusion-layout-column fusion_builder_column fusion-builder-column-27 fusion_builder_column_1_2 1_2 fusion-flex-column\" style=\"--awb-bg-size:cover;--awb-width-large:50%;--awb-margin-top-large:0px;--awb-spacing-right-large:0px;--awb-margin-bottom-large:20px;--awb-spacing-left-large:0px;--awb-width-medium:50%;--awb-order-medium:0;--awb-spacing-right-medium:0px;--awb-spacing-left-medium:0px;--awb-width-small:100%;--awb-order-small:0;--awb-spacing-right-small:1.92%;--awb-spacing-left-small:1.92%;\"><div class=\"fusion-column-wrapper fusion-column-has-shadow fusion-flex-justify-content-flex-start fusion-content-layout-column\"><div class=\"fusion-image-element \" style=\"text-align:center;--awb-margin-right:10px;--awb-caption-title-font-family:var(--h2_typography-font-family);--awb-caption-title-font-weight:var(--h2_typography-font-weight);--awb-caption-title-font-style:var(--h2_typography-font-style);--awb-caption-title-size:var(--h2_typography-font-size);--awb-caption-title-transform:var(--h2_typography-text-transform);--awb-caption-title-line-height:var(--h2_typography-line-height);--awb-caption-title-letter-spacing:var(--h2_typography-letter-spacing);\"><span class=\" fusion-imageframe imageframe-none imageframe-6 hover-type-none\"><img decoding=\"async\" width=\"900\" height=\"639\" title=\"friends_of_education_kita_job_muenchen_standort_westermuehlstrasse\" src=\"http:\/\/friends-of-education.com\/wp-content\/uploads\/2021\/02\/friends_of_education_kita_job_muenchen_standort_westermuehlstrasse.jpg\" alt class=\"img-responsive wp-image-232\" srcset=\"https:\/\/friends-of-education.com\/wp-content\/uploads\/sites\/4\/2021\/02\/friends_of_education_kita_job_muenchen_standort_westermuehlstrasse-200x142.jpg 200w, https:\/\/friends-of-education.com\/wp-content\/uploads\/sites\/4\/2021\/02\/friends_of_education_kita_job_muenchen_standort_westermuehlstrasse-400x284.jpg 400w, https:\/\/friends-of-education.com\/wp-content\/uploads\/sites\/4\/2021\/02\/friends_of_education_kita_job_muenchen_standort_westermuehlstrasse-600x426.jpg 600w, https:\/\/friends-of-education.com\/wp-content\/uploads\/sites\/4\/2021\/02\/friends_of_education_kita_job_muenchen_standort_westermuehlstrasse-800x568.jpg 800w, https:\/\/friends-of-education.com\/wp-content\/uploads\/sites\/4\/2021\/02\/friends_of_education_kita_job_muenchen_standort_westermuehlstrasse.jpg 900w\" sizes=\"(max-width: 640px) 100vw, 800px\" \/><\/span><\/div><\/div><\/div><div class=\"fusion-layout-column fusion_builder_column fusion-builder-column-28 fusion_builder_column_1_2 1_2 fusion-flex-column\" style=\"--awb-padding-right:20px;--awb-padding-left:30px;--awb-bg-size:cover;--awb-width-large:50%;--awb-margin-top-large:0px;--awb-spacing-right-large:30px;--awb-margin-bottom-large:20px;--awb-spacing-left-large:30px;--awb-width-medium:50%;--awb-order-medium:0;--awb-spacing-right-medium:30px;--awb-spacing-left-medium:30px;--awb-width-small:100%;--awb-order-small:0;--awb-spacing-right-small:1.92%;--awb-spacing-left-small:1.92%;\"><div class=\"fusion-column-wrapper fusion-column-has-shadow fusion-flex-justify-content-flex-start fusion-content-layout-column\"><div class=\"fusion-menu-anchor\" id=\"Glockenbachviertel\"><\/div><div class=\"fusion-title title fusion-title-5 fusion-sep-none fusion-title-text fusion-title-size-three\" style=\"--awb-text-color:#e41612;\"><h3 class=\"fusion-title-heading title-heading-left\" style=\"margin:0;\"><p><b>Munich : Quartier de Glockenbach<\/b><\/p>\n<p style=\"color: #1b3686; font-size: 22px; line-height: 1px; text-align: left;\"><strong>Rue Westerm\u00fchl<\/strong><\/p><\/h3><\/div><div class=\"fusion-separator fusion-full-width-sep\" style=\"align-self: center;margin-left: auto;margin-right: auto;margin-bottom:30px;width:100%;\"><\/div><div class=\"fusion-text fusion-text-22\" style=\"--awb-font-size:18px;--awb-line-height:1.5;\"><p>Le site de la Westerm\u00fchlstra\u00dfe se trouve dans un b\u00e2timent \u00e0 l&rsquo;arri\u00e8re du beau quartier de Glockenbach. Pour nos enfants de maternelle, la Westerm\u00fchlstra\u00dfe offre beaucoup d&rsquo;espace avec plus de 140m\u00b2. L&rsquo;Isar ainsi que l&rsquo;aire de jeux r\u00e9cemment am\u00e9nag\u00e9e dans le quartier de Glockenbach sont tr\u00e8s facilement accessibles \u00e0 pied.<\/p>\n<p>Pour 12 \u00e0 max. 18 enfants \u00e2g\u00e9s de 1 \u00e0 3 ans.<\/p>\n<\/div><div class=\"fusion-separator fusion-full-width-sep\" style=\"align-self: center;margin-left: auto;margin-right: auto;margin-bottom:30px;width:100%;\"><\/div><div style=\"text-align:left;\"><a class=\"fusion-button button-flat button-large button-default fusion-button-default button-7 fusion-button-span-no fusion-button-default-type fusion-animated\" data-animationType=\"fadeInDown\" data-animationDuration=\"2.5\" data-animationOffset=\"top-into-view\" target=\"_self\" href=\"http:\/\/friends-of-education.com\/demande-de-place\/\"><span class=\"fusion-button-text awb-button__text awb-button__text--default\">Demande de place <\/span><\/a><\/div><\/div><\/div><div class=\"fusion-layout-column fusion_builder_column fusion-builder-column-29 fusion_builder_column_1_1 1_1 fusion-flex-column\" style=\"--awb-bg-size:cover;--awb-width-large:100%;--awb-margin-top-large:0px;--awb-spacing-right-large:1.92%;--awb-margin-bottom-large:20px;--awb-spacing-left-large:1.92%;--awb-width-medium:100%;--awb-order-medium:0;--awb-spacing-right-medium:1.92%;--awb-spacing-left-medium:1.92%;--awb-width-small:100%;--awb-order-small:0;--awb-spacing-right-small:1.92%;--awb-spacing-left-small:1.92%;\"><div class=\"fusion-column-wrapper fusion-column-has-shadow fusion-flex-justify-content-flex-start fusion-content-layout-column\"><div class=\"fusion-separator fusion-full-width-sep\" style=\"align-self: center;margin-left: auto;margin-right: auto;margin-bottom:15px;width:100%;\"><\/div><\/div><\/div><\/div><\/div><div class=\"fusion-fullwidth fullwidth-box fusion-builder-row-12 fusion-flex-container nonhundred-percent-fullwidth non-hundred-percent-height-scrolling fusion-no-medium-visibility fusion-no-large-visibility fusion-animated\" style=\"--awb-border-radius-top-left:0px;--awb-border-radius-top-right:0px;--awb-border-radius-bottom-right:0px;--awb-border-radius-bottom-left:0px;--awb-padding-top:30px;--awb-margin-bottom:50px;--awb-flex-wrap:wrap;\" data-animationType=\"fadeInDown\" data-animationDuration=\"2.5\" data-animationOffset=\"top-into-view\" ><div class=\"fusion-builder-row fusion-row fusion-flex-align-items-flex-start fusion-flex-justify-content-space-between fusion-flex-content-wrap\" style=\"max-width:1248px;margin-left: calc(-4% \/ 2 );margin-right: calc(-4% \/ 2 );\"><div class=\"fusion-layout-column fusion_builder_column fusion-builder-column-30 fusion_builder_column_1_1 1_1 fusion-flex-column\" style=\"--awb-bg-size:cover;--awb-width-large:100%;--awb-margin-top-large:0px;--awb-spacing-right-large:0px;--awb-margin-bottom-large:20px;--awb-spacing-left-large:0px;--awb-width-medium:100%;--awb-order-medium:0;--awb-spacing-right-medium:0px;--awb-spacing-left-medium:0px;--awb-width-small:100%;--awb-order-small:0;--awb-spacing-right-small:1.92%;--awb-spacing-left-small:1.92%;\"><div class=\"fusion-column-wrapper fusion-column-has-shadow fusion-flex-justify-content-flex-start fusion-content-layout-column\"><div class=\"fusion-image-element \" style=\"text-align:center;--awb-margin-right:10px;--awb-caption-title-font-family:var(--h2_typography-font-family);--awb-caption-title-font-weight:var(--h2_typography-font-weight);--awb-caption-title-font-style:var(--h2_typography-font-style);--awb-caption-title-size:var(--h2_typography-font-size);--awb-caption-title-transform:var(--h2_typography-text-transform);--awb-caption-title-line-height:var(--h2_typography-line-height);--awb-caption-title-letter-spacing:var(--h2_typography-letter-spacing);\"><span class=\" fusion-imageframe imageframe-none imageframe-7 hover-type-none\"><img decoding=\"async\" width=\"900\" height=\"639\" title=\"friends_of_education_kita_job_muenchen_standort_westermuehlstrasse\" src=\"http:\/\/friends-of-education.com\/wp-content\/uploads\/2021\/02\/friends_of_education_kita_job_muenchen_standort_westermuehlstrasse.jpg\" alt class=\"img-responsive wp-image-232\" srcset=\"https:\/\/friends-of-education.com\/wp-content\/uploads\/sites\/4\/2021\/02\/friends_of_education_kita_job_muenchen_standort_westermuehlstrasse-200x142.jpg 200w, https:\/\/friends-of-education.com\/wp-content\/uploads\/sites\/4\/2021\/02\/friends_of_education_kita_job_muenchen_standort_westermuehlstrasse-400x284.jpg 400w, https:\/\/friends-of-education.com\/wp-content\/uploads\/sites\/4\/2021\/02\/friends_of_education_kita_job_muenchen_standort_westermuehlstrasse-600x426.jpg 600w, https:\/\/friends-of-education.com\/wp-content\/uploads\/sites\/4\/2021\/02\/friends_of_education_kita_job_muenchen_standort_westermuehlstrasse-800x568.jpg 800w, https:\/\/friends-of-education.com\/wp-content\/uploads\/sites\/4\/2021\/02\/friends_of_education_kita_job_muenchen_standort_westermuehlstrasse.jpg 900w\" sizes=\"(max-width: 640px) 100vw, 900px\" \/><\/span><\/div><\/div><\/div><div class=\"fusion-layout-column fusion_builder_column fusion-builder-column-31 fusion_builder_column_1_1 1_1 fusion-flex-column\" style=\"--awb-bg-size:cover;--awb-width-large:100%;--awb-margin-top-large:0px;--awb-spacing-right-large:1.92%;--awb-margin-bottom-large:20px;--awb-spacing-left-large:1.92%;--awb-width-medium:100%;--awb-order-medium:0;--awb-spacing-right-medium:1.92%;--awb-spacing-left-medium:1.92%;--awb-width-small:100%;--awb-order-small:0;--awb-spacing-right-small:1.92%;--awb-spacing-left-small:1.92%;\"><div class=\"fusion-column-wrapper fusion-column-has-shadow fusion-flex-justify-content-flex-start fusion-content-layout-column\"><div class=\"fusion-title title fusion-title-6 fusion-sep-none fusion-title-text fusion-title-size-three\" style=\"--awb-text-color:#e41612;\"><h3 class=\"fusion-title-heading title-heading-left\" style=\"margin:0;\"><p><b>Munich : Quartier de Glockenbach<\/b><\/p>\n<p style=\"color: #1b3686; font-size: 22px; line-height: 1px; text-align: left;\"><strong>Rue Westerm\u00fchl<\/strong><\/p><\/h3><\/div><div class=\"fusion-separator fusion-full-width-sep\" style=\"align-self: center;margin-left: auto;margin-right: auto;margin-bottom:30px;width:100%;\"><\/div><div class=\"fusion-text fusion-text-23\" style=\"--awb-font-size:18px;--awb-line-height:1.5;\"><p>Le site de la Westerm\u00fchlstra\u00dfe se trouve dans un b\u00e2timent \u00e0 l&rsquo;arri\u00e8re du beau quartier de Glockenbach. Pour nos enfants de maternelle, la Westerm\u00fchlstra\u00dfe offre beaucoup d&rsquo;espace avec plus de 140m\u00b2. L&rsquo;Isar ainsi que l&rsquo;aire de jeux r\u00e9cemment am\u00e9nag\u00e9e dans le quartier de Glockenbach sont tr\u00e8s facilement accessibles \u00e0 pied.<\/p>\n<p>Pour 12 \u00e0 max. 18 enfants \u00e2g\u00e9s de 1 \u00e0 3 ans.<\/p>\n<\/div><div class=\"fusion-separator fusion-full-width-sep\" style=\"align-self: center;margin-left: auto;margin-right: auto;margin-bottom:30px;width:100%;\"><\/div><div style=\"text-align:left;\"><a class=\"fusion-button button-flat button-large button-default fusion-button-default button-8 fusion-button-span-no fusion-button-default-type fusion-animated\" data-animationType=\"fadeInDown\" data-animationDuration=\"2.5\" data-animationOffset=\"top-into-view\" target=\"_self\" href=\"http:\/\/friends-of-education.com\/demande-de-place\/\"><span class=\"fusion-button-text awb-button__text awb-button__text--default\">Demande de place <\/span><\/a><\/div><\/div><\/div><\/div><\/div><div class=\"fusion-fullwidth fullwidth-box fusion-builder-row-13 fusion-flex-container nonhundred-percent-fullwidth non-hundred-percent-height-scrolling fusion-no-small-visibility fusion-animated\" style=\"--awb-border-radius-top-left:0px;--awb-border-radius-top-right:0px;--awb-border-radius-bottom-right:0px;--awb-border-radius-bottom-left:0px;--awb-padding-top:30px;--awb-flex-wrap:wrap;\" data-animationType=\"fadeInDown\" data-animationDuration=\"2.5\" data-animationOffset=\"top-into-view\" ><div class=\"fusion-builder-row fusion-row fusion-flex-align-items-flex-start fusion-flex-justify-content-space-between fusion-flex-content-wrap\" style=\"max-width:1248px;margin-left: calc(-4% \/ 2 );margin-right: calc(-4% \/ 2 );\"><div class=\"fusion-layout-column fusion_builder_column fusion-builder-column-32 fusion_builder_column_1_2 1_2 fusion-flex-column\" style=\"--awb-padding-right:20px;--awb-bg-size:cover;--awb-width-large:50%;--awb-margin-top-large:0px;--awb-spacing-right-large:30px;--awb-margin-bottom-large:20px;--awb-spacing-left-large:0px;--awb-width-medium:50%;--awb-order-medium:0;--awb-spacing-right-medium:30px;--awb-spacing-left-medium:0px;--awb-width-small:100%;--awb-order-small:0;--awb-spacing-right-small:1.92%;--awb-spacing-left-small:1.92%;\"><div class=\"fusion-column-wrapper fusion-column-has-shadow fusion-flex-justify-content-flex-start fusion-content-layout-column\"><div class=\"fusion-menu-anchor\" id=\"Halensee\"><\/div><div class=\"fusion-title title fusion-title-7 fusion-sep-none fusion-title-text fusion-title-size-three\" style=\"--awb-text-color:#e41612;\"><h3 class=\"fusion-title-heading title-heading-left\" style=\"margin:0;\"><p><b>Berlin : Papillon Rouge <\/b><\/p>\n<p style=\"color: #1b3686; font-size: 22px; line-height: 1px; text-align: left;\"><strong>Halensee<\/strong><\/p><\/h3><\/div><div class=\"fusion-separator fusion-full-width-sep\" style=\"align-self: center;margin-left: auto;margin-right: auto;margin-bottom:30px;width:100%;\"><\/div><div class=\"fusion-text fusion-text-24\" style=\"--awb-font-size:18px;--awb-line-height:1.5;\"><p>La KiTa Papillon Rouge \u00e0 Halensee se trouve \u00e0 proximit\u00e9 directe du Kurf\u00fcrstendamm. L&rsquo;autorisation d&rsquo;exploitation est pour 25 enfants \u00e2g\u00e9s de 1 an jusqu&rsquo;\u00e0 l&rsquo;entr\u00e9e \u00e0 l&rsquo;\u00e9cole.<\/p>\n<p>con\u00e7u. Il y a un groupe de cr\u00e8che et un groupe de maternelle. Notre espace int\u00e9rieur, avec pr\u00e8s de 280m\u00b2, est bien plus grand que ce que le S\u00e9nat impose. De grandes fen\u00eatres donnant sur la rue et la cour rendent les pi\u00e8ces tr\u00e8s lumineuses. L&rsquo;immense aire de jeux \u00ab\u00a0Indiana Bones\u00a0\u00bb se trouve \u00e0 environ 400 m\u00e8tres de la garderie et est facilement accessible \u00e0 pied.<\/p>\n<p>Pour 25 enfants \u00e2g\u00e9s de 1 \u00e0 6 ans.<\/p>\n<\/div><div class=\"fusion-separator fusion-full-width-sep\" style=\"align-self: center;margin-left: auto;margin-right: auto;margin-bottom:30px;width:100%;\"><\/div><div style=\"text-align:left;\"><a class=\"fusion-button button-flat button-large button-default fusion-button-default button-9 fusion-button-span-no fusion-button-default-type fusion-animated\" data-animationType=\"fadeInDown\" data-animationDuration=\"2.5\" data-animationOffset=\"top-into-view\" target=\"_self\" href=\"http:\/\/friends-of-education.com\/demande-de-place\/\"><span class=\"fusion-button-text awb-button__text awb-button__text--default\">Demande de place <\/span><\/a><\/div><\/div><\/div><div class=\"fusion-layout-column fusion_builder_column fusion-builder-column-33 fusion_builder_column_1_2 1_2 fusion-flex-column fusion-no-small-visibility\" style=\"--awb-bg-size:cover;--awb-width-large:50%;--awb-margin-top-large:0px;--awb-spacing-right-large:0px;--awb-margin-bottom-large:20px;--awb-spacing-left-large:0px;--awb-width-medium:50%;--awb-order-medium:0;--awb-spacing-right-medium:0px;--awb-spacing-left-medium:0px;--awb-width-small:100%;--awb-order-small:0;--awb-spacing-right-small:1.92%;--awb-spacing-left-small:1.92%;\"><div class=\"fusion-column-wrapper fusion-column-has-shadow fusion-flex-justify-content-flex-start fusion-content-layout-column\"><div class=\"fusion-image-element \" style=\"text-align:center;--awb-margin-left:10px;--awb-caption-title-font-family:var(--h2_typography-font-family);--awb-caption-title-font-weight:var(--h2_typography-font-weight);--awb-caption-title-font-style:var(--h2_typography-font-style);--awb-caption-title-size:var(--h2_typography-font-size);--awb-caption-title-transform:var(--h2_typography-text-transform);--awb-caption-title-line-height:var(--h2_typography-line-height);--awb-caption-title-letter-spacing:var(--h2_typography-letter-spacing);\"><span class=\" fusion-imageframe imageframe-none imageframe-8 hover-type-none\"><img decoding=\"async\" width=\"900\" height=\"600\" title=\"papillon-rouge-berlin-erzieher-job\" src=\"http:\/\/friends-of-education.com\/wp-content\/uploads\/2021\/07\/papillon-rouge-berlin-erzieher-job.png\" alt class=\"img-responsive wp-image-1027\" srcset=\"https:\/\/friends-of-education.com\/wp-content\/uploads\/sites\/4\/2021\/07\/papillon-rouge-berlin-erzieher-job-200x133.png 200w, https:\/\/friends-of-education.com\/wp-content\/uploads\/sites\/4\/2021\/07\/papillon-rouge-berlin-erzieher-job-400x267.png 400w, https:\/\/friends-of-education.com\/wp-content\/uploads\/sites\/4\/2021\/07\/papillon-rouge-berlin-erzieher-job-600x400.png 600w, https:\/\/friends-of-education.com\/wp-content\/uploads\/sites\/4\/2021\/07\/papillon-rouge-berlin-erzieher-job-800x533.png 800w, https:\/\/friends-of-education.com\/wp-content\/uploads\/sites\/4\/2021\/07\/papillon-rouge-berlin-erzieher-job.png 900w\" sizes=\"(max-width: 640px) 100vw, 800px\" \/><\/span><\/div><\/div><\/div><div class=\"fusion-layout-column fusion_builder_column fusion-builder-column-34 fusion_builder_column_1_1 1_1 fusion-flex-column\" style=\"--awb-bg-size:cover;--awb-width-large:100%;--awb-margin-top-large:0px;--awb-spacing-right-large:1.92%;--awb-margin-bottom-large:20px;--awb-spacing-left-large:1.92%;--awb-width-medium:100%;--awb-order-medium:0;--awb-spacing-right-medium:1.92%;--awb-spacing-left-medium:1.92%;--awb-width-small:100%;--awb-order-small:0;--awb-spacing-right-small:1.92%;--awb-spacing-left-small:1.92%;\"><div class=\"fusion-column-wrapper fusion-column-has-shadow fusion-flex-justify-content-flex-start fusion-content-layout-column\"><div class=\"fusion-separator fusion-full-width-sep\" style=\"align-self: center;margin-left: auto;margin-right: auto;margin-bottom:15px;width:100%;\"><\/div><\/div><\/div><\/div><\/div><div class=\"fusion-fullwidth fullwidth-box fusion-builder-row-14 fusion-flex-container nonhundred-percent-fullwidth non-hundred-percent-height-scrolling fusion-no-medium-visibility fusion-no-large-visibility fusion-animated\" style=\"--awb-border-radius-top-left:0px;--awb-border-radius-top-right:0px;--awb-border-radius-bottom-right:0px;--awb-border-radius-bottom-left:0px;--awb-padding-top:30px;--awb-margin-bottom:50px;--awb-flex-wrap:wrap;\" data-animationType=\"fadeInDown\" data-animationDuration=\"2.5\" data-animationOffset=\"top-into-view\" ><div class=\"fusion-builder-row fusion-row fusion-flex-align-items-flex-start fusion-flex-justify-content-space-between fusion-flex-content-wrap\" style=\"max-width:1248px;margin-left: calc(-4% \/ 2 );margin-right: calc(-4% \/ 2 );\"><div class=\"fusion-layout-column fusion_builder_column fusion-builder-column-35 fusion_builder_column_1_1 1_1 fusion-flex-column fusion-no-medium-visibility fusion-no-large-visibility\" style=\"--awb-bg-size:cover;--awb-width-large:100%;--awb-margin-top-large:0px;--awb-spacing-right-large:0px;--awb-margin-bottom-large:20px;--awb-spacing-left-large:0px;--awb-width-medium:100%;--awb-order-medium:0;--awb-spacing-right-medium:0px;--awb-spacing-left-medium:0px;--awb-width-small:100%;--awb-order-small:0;--awb-spacing-right-small:1.92%;--awb-spacing-left-small:1.92%;\"><div class=\"fusion-column-wrapper fusion-column-has-shadow fusion-flex-justify-content-flex-start fusion-content-layout-column\"><div class=\"fusion-image-element \" style=\"text-align:center;--awb-margin-left:10px;--awb-caption-title-font-family:var(--h2_typography-font-family);--awb-caption-title-font-weight:var(--h2_typography-font-weight);--awb-caption-title-font-style:var(--h2_typography-font-style);--awb-caption-title-size:var(--h2_typography-font-size);--awb-caption-title-transform:var(--h2_typography-text-transform);--awb-caption-title-line-height:var(--h2_typography-line-height);--awb-caption-title-letter-spacing:var(--h2_typography-letter-spacing);\"><span class=\" fusion-imageframe imageframe-none imageframe-9 hover-type-none\"><img decoding=\"async\" width=\"900\" height=\"600\" title=\"papillon-rouge-berlin-erzieher-job\" src=\"http:\/\/friends-of-education.com\/wp-content\/uploads\/2021\/07\/papillon-rouge-berlin-erzieher-job.png\" alt class=\"img-responsive wp-image-1027\" srcset=\"https:\/\/friends-of-education.com\/wp-content\/uploads\/sites\/4\/2021\/07\/papillon-rouge-berlin-erzieher-job-200x133.png 200w, https:\/\/friends-of-education.com\/wp-content\/uploads\/sites\/4\/2021\/07\/papillon-rouge-berlin-erzieher-job-400x267.png 400w, https:\/\/friends-of-education.com\/wp-content\/uploads\/sites\/4\/2021\/07\/papillon-rouge-berlin-erzieher-job-600x400.png 600w, https:\/\/friends-of-education.com\/wp-content\/uploads\/sites\/4\/2021\/07\/papillon-rouge-berlin-erzieher-job-800x533.png 800w, https:\/\/friends-of-education.com\/wp-content\/uploads\/sites\/4\/2021\/07\/papillon-rouge-berlin-erzieher-job.png 900w\" sizes=\"(max-width: 640px) 100vw, 900px\" \/><\/span><\/div><\/div><\/div><div class=\"fusion-layout-column fusion_builder_column fusion-builder-column-36 fusion_builder_column_1_1 1_1 fusion-flex-column\" style=\"--awb-bg-size:cover;--awb-width-large:100%;--awb-margin-top-large:0px;--awb-spacing-right-large:1.92%;--awb-margin-bottom-large:20px;--awb-spacing-left-large:1.92%;--awb-width-medium:100%;--awb-order-medium:0;--awb-spacing-right-medium:1.92%;--awb-spacing-left-medium:1.92%;--awb-width-small:100%;--awb-order-small:0;--awb-spacing-right-small:1.92%;--awb-spacing-left-small:1.92%;\"><div class=\"fusion-column-wrapper fusion-column-has-shadow fusion-flex-justify-content-flex-start fusion-content-layout-column\"><div class=\"fusion-title title fusion-title-8 fusion-sep-none fusion-title-text fusion-title-size-three\" style=\"--awb-text-color:#e41612;\"><h3 class=\"fusion-title-heading title-heading-left\" style=\"margin:0;\"><p><b>Berlin : Papillon Rouge<\/b><\/p>\n<p style=\"color: #1b3686; font-size: 22px; line-height: 1px; text-align: left;\"><strong>Halensee<\/strong><\/p><\/h3><\/div><div class=\"fusion-separator fusion-full-width-sep\" style=\"align-self: center;margin-left: auto;margin-right: auto;margin-bottom:30px;width:100%;\"><\/div><div class=\"fusion-text fusion-text-25\" style=\"--awb-font-size:18px;--awb-line-height:1.5;\"><p>La KiTa Papillon Rouge \u00e0 Halensee se trouve \u00e0 proximit\u00e9 directe du Kurf\u00fcrstendamm. L&rsquo;autorisation d&rsquo;exploitation est pour 25 enfants \u00e2g\u00e9s de 1 an jusqu&rsquo;\u00e0 l&rsquo;entr\u00e9e \u00e0 l&rsquo;\u00e9cole.<\/p>\n<p>con\u00e7u. Il y a un groupe de cr\u00e8che et un groupe de maternelle. Notre espace int\u00e9rieur, avec pr\u00e8s de 280m\u00b2, est bien plus grand que ce que le S\u00e9nat impose. De grandes fen\u00eatres donnant sur la rue et la cour rendent les pi\u00e8ces tr\u00e8s lumineuses. L&rsquo;immense aire de jeux \u00ab\u00a0Indiana Bones\u00a0\u00bb se trouve \u00e0 environ 400 m\u00e8tres de la garderie et est facilement accessible \u00e0 pied.<\/p>\n<p>Pour 25 enfants \u00e2g\u00e9s de 1 \u00e0 6 ans.<\/p>\n<\/div><div class=\"fusion-separator fusion-full-width-sep\" style=\"align-self: center;margin-left: auto;margin-right: auto;margin-bottom:30px;width:100%;\"><\/div><div style=\"text-align:left;\"><a class=\"fusion-button button-flat button-large button-default fusion-button-default button-10 fusion-button-span-no fusion-button-default-type fusion-animated\" data-animationType=\"fadeInDown\" data-animationDuration=\"2.5\" data-animationOffset=\"top-into-view\" target=\"_self\" href=\"http:\/\/friends-of-education.com\/demande-de-place\/\"><span class=\"fusion-button-text awb-button__text awb-button__text--default\">Demande de place <\/span><\/a><\/div><\/div><\/div><\/div><\/div><div class=\"fusion-fullwidth fullwidth-box fusion-builder-row-15 fusion-flex-container nonhundred-percent-fullwidth non-hundred-percent-height-scrolling fusion-no-small-visibility fusion-animated\" style=\"--awb-border-radius-top-left:0px;--awb-border-radius-top-right:0px;--awb-border-radius-bottom-right:0px;--awb-border-radius-bottom-left:0px;--awb-flex-wrap:wrap;\" data-animationType=\"fadeInDown\" data-animationDuration=\"2.5\" data-animationOffset=\"top-into-view\" ><div class=\"fusion-builder-row fusion-row fusion-flex-align-items-flex-start fusion-flex-justify-content-space-between fusion-flex-content-wrap\" style=\"max-width:1248px;margin-left: calc(-4% \/ 2 );margin-right: calc(-4% \/ 2 );\"><div class=\"fusion-layout-column fusion_builder_column fusion-builder-column-37 fusion_builder_column_1_2 1_2 fusion-flex-column\" style=\"--awb-bg-size:cover;--awb-width-large:50%;--awb-margin-top-large:0px;--awb-spacing-right-large:0px;--awb-margin-bottom-large:20px;--awb-spacing-left-large:0px;--awb-width-medium:50%;--awb-order-medium:0;--awb-spacing-right-medium:0px;--awb-spacing-left-medium:0px;--awb-width-small:100%;--awb-order-small:0;--awb-spacing-right-small:1.92%;--awb-spacing-left-small:1.92%;\"><div class=\"fusion-column-wrapper fusion-column-has-shadow fusion-flex-justify-content-flex-start fusion-content-layout-column\"><div class=\"fusion-image-element \" style=\"text-align:center;--awb-margin-right:10px;--awb-caption-title-font-family:var(--h2_typography-font-family);--awb-caption-title-font-weight:var(--h2_typography-font-weight);--awb-caption-title-font-style:var(--h2_typography-font-style);--awb-caption-title-size:var(--h2_typography-font-size);--awb-caption-title-transform:var(--h2_typography-text-transform);--awb-caption-title-line-height:var(--h2_typography-line-height);--awb-caption-title-letter-spacing:var(--h2_typography-letter-spacing);\"><span class=\" fusion-imageframe imageframe-none imageframe-10 hover-type-none\"><img decoding=\"async\" width=\"900\" height=\"600\" alt=\"berlin kita erzieher job villa papillon\" title=\"villa-papillon-berlin-erzieher-job\" src=\"http:\/\/friends-of-education.com\/wp-content\/uploads\/2021\/07\/villa-papillon-berlin-erzieher-job.png\" class=\"img-responsive wp-image-1024\" srcset=\"https:\/\/friends-of-education.com\/wp-content\/uploads\/sites\/4\/2021\/07\/villa-papillon-berlin-erzieher-job-200x133.png 200w, https:\/\/friends-of-education.com\/wp-content\/uploads\/sites\/4\/2021\/07\/villa-papillon-berlin-erzieher-job-400x267.png 400w, https:\/\/friends-of-education.com\/wp-content\/uploads\/sites\/4\/2021\/07\/villa-papillon-berlin-erzieher-job-600x400.png 600w, https:\/\/friends-of-education.com\/wp-content\/uploads\/sites\/4\/2021\/07\/villa-papillon-berlin-erzieher-job-800x533.png 800w, https:\/\/friends-of-education.com\/wp-content\/uploads\/sites\/4\/2021\/07\/villa-papillon-berlin-erzieher-job.png 900w\" sizes=\"(max-width: 640px) 100vw, 800px\" \/><\/span><\/div><\/div><\/div><div class=\"fusion-layout-column fusion_builder_column fusion-builder-column-38 fusion_builder_column_1_2 1_2 fusion-flex-column\" style=\"--awb-padding-right:20px;--awb-padding-left:30px;--awb-bg-size:cover;--awb-width-large:50%;--awb-margin-top-large:0px;--awb-spacing-right-large:30px;--awb-margin-bottom-large:20px;--awb-spacing-left-large:30px;--awb-width-medium:50%;--awb-order-medium:0;--awb-spacing-right-medium:30px;--awb-spacing-left-medium:30px;--awb-width-small:100%;--awb-order-small:0;--awb-spacing-right-small:1.92%;--awb-spacing-left-small:1.92%;\"><div class=\"fusion-column-wrapper fusion-column-has-shadow fusion-flex-justify-content-flex-start fusion-content-layout-column\"><div class=\"fusion-menu-anchor\" id=\"Dahlem\"><\/div><div class=\"fusion-title title fusion-title-9 fusion-sep-none fusion-title-text fusion-title-size-three\" style=\"--awb-text-color:#e41612;\"><h3 class=\"fusion-title-heading title-heading-left\" style=\"margin:0;\"><b>Berlin : Villa Papillon<\/b><\/p>\n<p style=\"color: #1b3686; font-size: 22px; line-height: 1px; text-align: left;\"><strong>Dahlem<\/strong><\/p><\/h3><\/div><div class=\"fusion-separator fusion-full-width-sep\" style=\"align-self: center;margin-left: auto;margin-right: auto;margin-bottom:30px;width:100%;\"><\/div><div class=\"fusion-text fusion-text-26\" style=\"--awb-font-size:18px;--awb-line-height:1.5;\"><p>La Villa Papillon \u00e0 Dahlem se trouve dans une belle villa datant de la fin du 19\u00e8me si\u00e8cle, au milieu d&rsquo;un jardin de 2 700 m\u00e8tres carr\u00e9s. Ici, 85 enfants \u00e2g\u00e9s de 1 \u00e0 6 ans ont de la place et de l&rsquo;espace pour s&rsquo;\u00e9panouir. Il y a un espace nid pour les tout petits jusqu&rsquo;\u00e0 2 ans. Le rez-de-chauss\u00e9e accueille notre groupe d&rsquo;\u00e2ge moyen jusqu&rsquo;\u00e0 environ 3 ans. Nous avons \u00e9galement un restaurant pour enfants et une cuisine compl\u00e8te avec notre propre cuisinier. Tout en haut se trouve le royaume de nos \u00ab\u00a0grands\u00a0\u00bb d&rsquo;environ 3 \u00e0 6 ans.<\/p>\n<p>Pour 85 enfants \u00e2g\u00e9s de 1 \u00e0 6 ans.<\/p>\n<\/div><div class=\"fusion-separator fusion-full-width-sep\" style=\"align-self: center;margin-left: auto;margin-right: auto;margin-bottom:30px;width:100%;\"><\/div><div style=\"text-align:left;\"><a class=\"fusion-button button-flat button-large button-default fusion-button-default button-11 fusion-button-span-no fusion-button-default-type fusion-animated\" data-animationType=\"fadeInDown\" data-animationDuration=\"2.5\" data-animationOffset=\"top-into-view\" target=\"_self\" href=\"http:\/\/friends-of-education.com\/demande-de-place\/\"><span class=\"fusion-button-text awb-button__text awb-button__text--default\">Demande de place <\/span><\/a><\/div><\/div><\/div><div class=\"fusion-layout-column fusion_builder_column fusion-builder-column-39 fusion_builder_column_1_1 1_1 fusion-flex-column\" style=\"--awb-bg-size:cover;--awb-width-large:100%;--awb-margin-top-large:0px;--awb-spacing-right-large:1.92%;--awb-margin-bottom-large:20px;--awb-spacing-left-large:1.92%;--awb-width-medium:100%;--awb-order-medium:0;--awb-spacing-right-medium:1.92%;--awb-spacing-left-medium:1.92%;--awb-width-small:100%;--awb-order-small:0;--awb-spacing-right-small:1.92%;--awb-spacing-left-small:1.92%;\"><div class=\"fusion-column-wrapper fusion-column-has-shadow fusion-flex-justify-content-flex-start fusion-content-layout-column\"><div class=\"fusion-separator fusion-full-width-sep\" style=\"align-self: center;margin-left: auto;margin-right: auto;margin-bottom:15px;width:100%;\"><\/div><\/div><\/div><\/div><\/div><div class=\"fusion-fullwidth fullwidth-box fusion-builder-row-16 fusion-flex-container nonhundred-percent-fullwidth non-hundred-percent-height-scrolling fusion-no-medium-visibility fusion-no-large-visibility fusion-animated\" style=\"--awb-border-radius-top-left:0px;--awb-border-radius-top-right:0px;--awb-border-radius-bottom-right:0px;--awb-border-radius-bottom-left:0px;--awb-padding-top:30px;--awb-margin-bottom:50px;--awb-flex-wrap:wrap;\" data-animationType=\"fadeInDown\" data-animationDuration=\"2.5\" data-animationOffset=\"top-into-view\" ><div class=\"fusion-builder-row fusion-row fusion-flex-align-items-flex-start fusion-flex-justify-content-space-between fusion-flex-content-wrap\" style=\"max-width:1248px;margin-left: calc(-4% \/ 2 );margin-right: calc(-4% \/ 2 );\"><div class=\"fusion-layout-column fusion_builder_column fusion-builder-column-40 fusion_builder_column_1_1 1_1 fusion-flex-column\" style=\"--awb-bg-size:cover;--awb-width-large:100%;--awb-margin-top-large:0px;--awb-spacing-right-large:0px;--awb-margin-bottom-large:20px;--awb-spacing-left-large:0px;--awb-width-medium:100%;--awb-order-medium:0;--awb-spacing-right-medium:0px;--awb-spacing-left-medium:0px;--awb-width-small:100%;--awb-order-small:0;--awb-spacing-right-small:1.92%;--awb-spacing-left-small:1.92%;\"><div class=\"fusion-column-wrapper fusion-column-has-shadow fusion-flex-justify-content-flex-start fusion-content-layout-column\"><div class=\"fusion-image-element \" style=\"text-align:center;--awb-margin-right:10px;--awb-caption-title-font-family:var(--h2_typography-font-family);--awb-caption-title-font-weight:var(--h2_typography-font-weight);--awb-caption-title-font-style:var(--h2_typography-font-style);--awb-caption-title-size:var(--h2_typography-font-size);--awb-caption-title-transform:var(--h2_typography-text-transform);--awb-caption-title-line-height:var(--h2_typography-line-height);--awb-caption-title-letter-spacing:var(--h2_typography-letter-spacing);\"><span class=\" fusion-imageframe imageframe-none imageframe-11 hover-type-none\"><img decoding=\"async\" width=\"900\" height=\"600\" alt=\"berlin kita erzieher job villa papillon\" title=\"villa-papillon-berlin-erzieher-job\" src=\"http:\/\/friends-of-education.com\/wp-content\/uploads\/2021\/07\/villa-papillon-berlin-erzieher-job.png\" class=\"img-responsive wp-image-1024\" srcset=\"https:\/\/friends-of-education.com\/wp-content\/uploads\/sites\/4\/2021\/07\/villa-papillon-berlin-erzieher-job-200x133.png 200w, https:\/\/friends-of-education.com\/wp-content\/uploads\/sites\/4\/2021\/07\/villa-papillon-berlin-erzieher-job-400x267.png 400w, https:\/\/friends-of-education.com\/wp-content\/uploads\/sites\/4\/2021\/07\/villa-papillon-berlin-erzieher-job-600x400.png 600w, https:\/\/friends-of-education.com\/wp-content\/uploads\/sites\/4\/2021\/07\/villa-papillon-berlin-erzieher-job-800x533.png 800w, https:\/\/friends-of-education.com\/wp-content\/uploads\/sites\/4\/2021\/07\/villa-papillon-berlin-erzieher-job.png 900w\" sizes=\"(max-width: 640px) 100vw, 900px\" \/><\/span><\/div><\/div><\/div><div class=\"fusion-layout-column fusion_builder_column fusion-builder-column-41 fusion_builder_column_1_1 1_1 fusion-flex-column\" style=\"--awb-bg-size:cover;--awb-width-large:100%;--awb-margin-top-large:0px;--awb-spacing-right-large:1.92%;--awb-margin-bottom-large:20px;--awb-spacing-left-large:1.92%;--awb-width-medium:100%;--awb-order-medium:0;--awb-spacing-right-medium:1.92%;--awb-spacing-left-medium:1.92%;--awb-width-small:100%;--awb-order-small:0;--awb-spacing-right-small:1.92%;--awb-spacing-left-small:1.92%;\"><div class=\"fusion-column-wrapper fusion-column-has-shadow fusion-flex-justify-content-flex-start fusion-content-layout-column\"><div class=\"fusion-title title fusion-title-10 fusion-sep-none fusion-title-text fusion-title-size-three\" style=\"--awb-text-color:#e41612;\"><h3 class=\"fusion-title-heading title-heading-left\" style=\"margin:0;\"><p><b>Berlin : Villa Papillon<\/b><\/p>\n<p style=\"color: #1b3686; font-size: 22px; line-height: 1px; text-align: left;\"><strong>Dahlem<\/strong><\/p><\/h3><\/div><div class=\"fusion-separator fusion-full-width-sep\" style=\"align-self: center;margin-left: auto;margin-right: auto;margin-bottom:30px;width:100%;\"><\/div><div class=\"fusion-text fusion-text-27\" style=\"--awb-font-size:18px;--awb-line-height:1.5;\"><p>La Villa Papillon \u00e0 Dahlem se trouve dans une belle villa datant de la fin du 19\u00e8me si\u00e8cle, au milieu d&rsquo;un jardin de 2 700 m\u00e8tres carr\u00e9s. Ici, 85 enfants \u00e2g\u00e9s de 1 \u00e0 6 ans ont de la place et de l&rsquo;espace pour s&rsquo;\u00e9panouir. Il y a un espace nid pour les tout petits jusqu&rsquo;\u00e0 2 ans. Le rez-de-chauss\u00e9e accueille notre groupe d&rsquo;\u00e2ge moyen jusqu&rsquo;\u00e0 environ 3 ans. Nous avons \u00e9galement un restaurant pour enfants et une cuisine compl\u00e8te avec notre propre cuisinier. Tout en haut se trouve le royaume de nos \u00ab\u00a0grands\u00a0\u00bb d&rsquo;environ 3 \u00e0 6 ans.<\/p>\n<p>Pour 85 enfants \u00e2g\u00e9s de 1 \u00e0 6 ans.<\/p>\n<\/div><div class=\"fusion-separator fusion-full-width-sep\" style=\"align-self: center;margin-left: auto;margin-right: auto;margin-bottom:30px;width:100%;\"><\/div><div style=\"text-align:left;\"><a class=\"fusion-button button-flat button-large button-default fusion-button-default button-12 fusion-button-span-no fusion-button-default-type fusion-animated\" data-animationType=\"fadeInDown\" data-animationDuration=\"2.5\" data-animationOffset=\"top-into-view\" target=\"_self\" href=\"http:\/\/friends-of-education.com\/demande-de-place\/\"><span class=\"fusion-button-text awb-button__text awb-button__text--default\">Demande de place <\/span><\/a><\/div><\/div><\/div><\/div><\/div><div class=\"fusion-fullwidth fullwidth-box fusion-builder-row-17 fusion-flex-container nonhundred-percent-fullwidth non-hundred-percent-height-scrolling\" style=\"--awb-border-radius-top-left:0px;--awb-border-radius-top-right:0px;--awb-border-radius-bottom-right:0px;--awb-border-radius-bottom-left:0px;--awb-margin-bottom:50px;--awb-flex-wrap:wrap;\" ><div class=\"fusion-builder-row fusion-row fusion-flex-align-items-flex-start fusion-flex-content-wrap\" style=\"max-width:1248px;margin-left: calc(-4% \/ 2 );margin-right: calc(-4% \/ 2 );\"><div class=\"fusion-layout-column fusion_builder_column fusion-builder-column-42 fusion_builder_column_1_6 1_6 fusion-flex-column\" style=\"--awb-bg-size:cover;--awb-width-large:16.666666666667%;--awb-margin-top-large:0px;--awb-spacing-right-large:11.52%;--awb-margin-bottom-large:20px;--awb-spacing-left-large:11.52%;--awb-width-medium:16.666666666667%;--awb-order-medium:0;--awb-spacing-right-medium:11.52%;--awb-spacing-left-medium:11.52%;--awb-width-small:100%;--awb-order-small:0;--awb-spacing-right-small:1.92%;--awb-spacing-left-small:1.92%;\"><div class=\"fusion-column-wrapper fusion-column-has-shadow fusion-flex-justify-content-flex-start fusion-content-layout-column\"><\/div><\/div><div class=\"fusion-layout-column fusion_builder_column fusion-builder-column-43 fusion_builder_column_2_3 2_3 fusion-flex-column\" style=\"--awb-bg-size:cover;--awb-width-large:66.666666666667%;--awb-margin-top-large:0px;--awb-spacing-right-large:2.88%;--awb-margin-bottom-large:20px;--awb-spacing-left-large:2.88%;--awb-width-medium:66.666666666667%;--awb-order-medium:0;--awb-spacing-right-medium:2.88%;--awb-spacing-left-medium:2.88%;--awb-width-small:100%;--awb-order-small:0;--awb-spacing-right-small:1.92%;--awb-spacing-left-small:1.92%;\"><div class=\"fusion-column-wrapper fusion-column-has-shadow fusion-flex-justify-content-flex-start fusion-content-layout-column\"><div class=\"fusion-image-element \" style=\"text-align:center;--awb-margin-top:20px;--awb-margin-bottom:20px;--awb-caption-title-font-family:var(--h2_typography-font-family);--awb-caption-title-font-weight:var(--h2_typography-font-weight);--awb-caption-title-font-style:var(--h2_typography-font-style);--awb-caption-title-size:var(--h2_typography-font-size);--awb-caption-title-transform:var(--h2_typography-text-transform);--awb-caption-title-line-height:var(--h2_typography-line-height);--awb-caption-title-letter-spacing:var(--h2_typography-letter-spacing);\"><span class=\" fusion-imageframe imageframe-none imageframe-12 hover-type-none fusion-animated\" data-animationType=\"fadeInDown\" data-animationDuration=\"2.5\" data-animationOffset=\"top-into-view\"><img decoding=\"async\" width=\"149\" height=\"96\" title=\"friends-of-education-icon\" src=\"http:\/\/friends-of-education.com\/wp-content\/uploads\/2021\/02\/friends-of-education-icon.png\" alt class=\"img-responsive wp-image-200\"\/><\/span><\/div><div class=\"fusion-text fusion-text-28 fusion-animated\" style=\"--awb-font-size:18px;--awb-line-height:1.4;\" data-animationType=\"fadeInDown\" data-animationDuration=\"2.6\" data-animationOffset=\"top-into-view\"><h3 style=\"text-align: center; color: #e41612; line-height: 31px;\"><b>Tu souhaites une cr\u00e8che d&rsquo;entreprise ?<\/b><\/h3>\n<p style=\"text-align: center; color: #1b3686; font-size: 22px;\"><strong>Nous les construisons avec ton employeur !<\/strong><\/p>\n<p style=\"text-align: center;\">Tu aimerais que tes enfants soient gard\u00e9s pr\u00e8s de chez toi, m\u00eame pendant le travail ? Dans une cr\u00e8che d&rsquo;entreprise, c&rsquo;est possible. Parle-en \u00e0 ton sup\u00e9rieur et parle-lui de nous. Car nous ne nous contentons pas de g\u00e9rer des cr\u00e8ches, nous les construisons aussi pour les entreprises et nous les d\u00e9chargeons de toutes les t\u00e2ches de planification, de construction et de gestion. Profite bient\u00f4t des avantages de faire garder ton enfant dans ta propre cr\u00e8che d&rsquo;entreprise.<\/p>\n<\/div><div class=\"fusion-separator fusion-full-width-sep\" style=\"align-self: center;margin-left: auto;margin-right: auto;margin-top:20px;margin-bottom:20px;width:100%;\"><\/div><div class=\"fusion-builder-row fusion-builder-row-inner fusion-row fusion-flex-align-items-flex-start fusion-flex-content-wrap\" style=\"width:104% !important;max-width:104% !important;margin-left: calc(-4% \/ 2 );margin-right: calc(-4% \/ 2 );\"><div class=\"fusion-layout-column fusion_builder_column_inner fusion-builder-nested-column-2 fusion_builder_column_inner_1_1 1_1 fusion-flex-column fusion-animated\" style=\"--awb-bg-size:cover;--awb-width-large:100%;--awb-margin-top-large:0px;--awb-spacing-right-large:1.92%;--awb-margin-bottom-large:20px;--awb-spacing-left-large:1.92%;--awb-width-medium:100%;--awb-order-medium:0;--awb-spacing-right-medium:1.92%;--awb-spacing-left-medium:1.92%;--awb-width-small:100%;--awb-order-small:0;--awb-spacing-right-small:1.92%;--awb-spacing-left-small:1.92%;\" data-animationType=\"fadeInUp\" data-animationDuration=\"2.5\" data-animationOffset=\"top-into-view\"><div class=\"fusion-column-wrapper fusion-column-has-shadow fusion-flex-justify-content-flex-start fusion-content-layout-column\"><div style=\"text-align:center;\"><a class=\"fusion-button button-flat button-large button-default fusion-button-default button-13 fusion-button-span-no fusion-button-default-type\" target=\"_self\" href=\"http:\/\/friends-of-education.com\/fr\/garde-denfants-en-entreprise\/\"><span class=\"fusion-button-text awb-button__text awb-button__text--default\">Plus d&rsquo;infos<\/span><\/a><\/div><\/div><\/div><\/div><\/div><\/div><div class=\"fusion-layout-column fusion_builder_column fusion-builder-column-44 fusion_builder_column_1_6 1_6 fusion-flex-column\" style=\"--awb-bg-size:cover;--awb-width-large:16.666666666667%;--awb-margin-top-large:0px;--awb-spacing-right-large:11.52%;--awb-margin-bottom-large:20px;--awb-spacing-left-large:11.52%;--awb-width-medium:16.666666666667%;--awb-order-medium:0;--awb-spacing-right-medium:11.52%;--awb-spacing-left-medium:11.52%;--awb-width-small:100%;--awb-order-small:0;--awb-spacing-right-small:1.92%;--awb-spacing-left-small:1.92%;\"><div class=\"fusion-column-wrapper fusion-column-has-shadow fusion-flex-justify-content-flex-start fusion-content-layout-column\"><\/div><\/div><\/div><\/div><\/p>\n","protected":false},"excerpt":{"rendered":"","protected":false},"author":1,"featured_media":0,"parent":0,"menu_order":0,"comment_status":"closed","ping_status":"closed","template":"100-width.php","meta":{"footnotes":""},"class_list":["post-4989","page","type-page","status-publish","hentry"],"_links":{"self":[{"href":"https:\/\/friends-of-education.com\/fr\/wp-json\/wp\/v2\/pages\/4989","targetHints":{"allow":["GET"]}}],"collection":[{"href":"https:\/\/friends-of-education.com\/fr\/wp-json\/wp\/v2\/pages"}],"about":[{"href":"https:\/\/friends-of-education.com\/fr\/wp-json\/wp\/v2\/types\/page"}],"author":[{"embeddable":true,"href":"https:\/\/friends-of-education.com\/fr\/wp-json\/wp\/v2\/users\/1"}],"replies":[{"embeddable":true,"href":"https:\/\/friends-of-education.com\/fr\/wp-json\/wp\/v2\/comments?post=4989"}],"version-history":[{"count":7,"href":"https:\/\/friends-of-education.com\/fr\/wp-json\/wp\/v2\/pages\/4989\/revisions"}],"predecessor-version":[{"id":5287,"href":"https:\/\/friends-of-education.com\/fr\/wp-json\/wp\/v2\/pages\/4989\/revisions\/5287"}],"wp:attachment":[{"href":"https:\/\/friends-of-education.com\/fr\/wp-json\/wp\/v2\/media?parent=4989"}],"curies":[{"name":"wp","href":"https:\/\/api.w.org\/{rel}","templated":true}]}}